{"id":1589,"date":"2010-03-18T14:17:18","date_gmt":"2010-03-18T13:17:18","guid":{"rendered":"http:\/\/www.vs-seubersdorf.de\/schulpage\/?page_id=1589"},"modified":"2025-11-24T14:31:43","modified_gmt":"2025-11-24T13:31:43","slug":"pressearchiv","status":"publish","type":"page","link":"https:\/\/www.vs-seubersdorf.de\/schulpage\/?page_id=1589","title":{"rendered":"Pressearchiv"},"content":{"rendered":"<p><img decoding=\"async\" loading=\"lazy\" class=\"alignnone size-full wp-image-1603\" title=\"tagblatt\" src=\"https:\/\/www.vs-seubersdorf.de\/schulpage\/wp-content\/uploads\/2010\/03\/tagblatt.gif\" alt=\"tagblatt\" width=\"590\" height=\"84\" \/><\/p>\n<p><strong>Unsere Schule im Pressespiegel<\/strong><\/p>\n<table class=\"alignleft aligncenter\" style=\"width: 94.5408%; height: 4818px; border-color: #5c67e6;\" border=\"1\" align=\"left\">\n<tbody>\n<tr style=\"height: 31px;\">\n<td style=\"height: 31px; width: 0.757576%;\"><\/td>\n<td style=\"height: 31px; text-align: left; width: 49.8106%;\"><strong>Thema<\/strong><\/td>\n<td style=\"height: 31px; text-align: left; width: 10.3972%;\"><strong>Datum<\/strong><\/td>\n<td style=\"height: 31px; text-align: left; width: 84.0662%;\"><strong>Titel\/Beschreibung<\/strong><\/td>\n<\/tr>\n<tr style=\"height: 31px;\">\n<td style=\"height: 31px; width: 0.757576%;\"><\/td>\n<td style=\"height: 31px; text-align: left; width: 49.8106%;\"><a href=\"https:\/\/www.vs-seubersdorf.de\/schulpage\/wp-content\/uploads\/2010\/03\/14.-Kooperation-von-SVE-und-Schule_16.01.2012.pdf\" target=\"_blank\" rel=\"noopener noreferrer\">Silvesterlauf<\/a><\/td>\n<td style=\"height: 31px; text-align: left; width: 10.3972%;\">04.01.2012<\/td>\n<td style=\"height: 31px; text-align: left; width: 84.0662%;\">Sch\u00fcler bewiesen auf der Strecke langen Atem<\/td>\n<\/tr>\n<tr style=\"height: 29px;\">\n<td style=\"height: 29px; width: 0.757576%;\"><\/td>\n<td style=\"height: 29px; text-align: left; width: 49.8106%;\"><a href=\"https:\/\/www.vs-seubersdorf.de\/schulpage\/wp-content\/uploads\/2010\/03\/14.-Kooperation-von-SVE-und-Schule_16.01.2012.pdf\" target=\"_blank\" rel=\"noopener noreferrer\">Ehrung der Silvesterl\u00e4ufer<\/a><\/td>\n<td style=\"height: 29px; text-align: left; width: 10.3972%;\">16.01.2012<\/td>\n<td style=\"height: 29px; text-align: left; width: 84.0662%;\">Kooperation zwischen SVE und Schule<\/td>\n<\/tr>\n<tr style=\"height: 31px;\">\n<td style=\"height: 31px; width: 0.757576%;\"><\/td>\n<td style=\"height: 31px; text-align: left; width: 49.8106%;\"><a href=\"https:\/\/www.vs-seubersdorf.de\/schulpage\/wp-content\/uploads\/2010\/03\/15.-Sch\u00fcler-behielten-an-der-B\u00f6rse-den-\u00dcberblick_18.01.2012.pdf\" target=\"_blank\" rel=\"noopener noreferrer\"><span style=\"text-decoration: underline;\">Sieg beim Planspiel B\u00f6rse<\/span><\/a><\/td>\n<td style=\"height: 31px; text-align: left; width: 10.3972%;\">18.01.2012<\/td>\n<td style=\"height: 31px; text-align: left; width: 84.0662%;\">Sch\u00fcler behielten an der B\u00f6rse den \u00dcberblick<\/td>\n<\/tr>\n<tr style=\"height: 31px;\">\n<td style=\"height: 31px; width: 0.757576%;\"><\/td>\n<td style=\"height: 31px; text-align: left; width: 49.8106%;\"><a href=\"https:\/\/www.vs-seubersdorf.de\/schulpage\/wp-content\/uploads\/2010\/03\/16.-Spende-macht-Sch\u00fcler-mobil_27.02.2011.pdf\" target=\"_blank\" rel=\"noopener noreferrer\">Spende f\u00fcr Sch\u00fclerfahrten<\/a><\/td>\n<td style=\"height: 31px; text-align: left; width: 10.3972%;\">27.02.2012<\/td>\n<td style=\"height: 31px; text-align: left; width: 84.0662%;\">Spende macht Seubersdorfer Sch\u00fcler mobil<\/td>\n<\/tr>\n<tr style=\"height: 31px;\">\n<td style=\"height: 31px; width: 0.757576%;\"><\/td>\n<td style=\"height: 31px; text-align: left; width: 49.8106%;\"><a href=\"https:\/\/www.vs-seubersdorf.de\/schulpage\/wp-content\/uploads\/2010\/03\/17.-Cornelia-G\u00f6tz-mit-Traumnote_01.03.2012.pdf\" target=\"_blank\" rel=\"noopener noreferrer\">Erfolgreiche M-Sch\u00fclerin<\/a><\/td>\n<td style=\"height: 31px; text-align: left; width: 10.3972%;\">01.03.2012<\/td>\n<td style=\"height: 31px; text-align: left; width: 84.0662%;\">Cornelia G\u00f6tz schloss mit der Traumnote ab<\/td>\n<\/tr>\n<tr style=\"height: 31px;\">\n<td style=\"height: 31px; width: 0.757576%;\"><\/td>\n<td style=\"height: 31px; text-align: left; width: 49.8106%;\"><a href=\"https:\/\/www.vs-seubersdorf.de\/schulpage\/wp-content\/uploads\/2010\/03\/18.-Aktion-R\u00fcckenwirbel_21.03.2012.pdf\" target=\"_blank\" rel=\"noopener noreferrer\">Aktion R\u00fcckenwirbel<\/a><\/td>\n<td style=\"height: 31px; text-align: left; width: 10.3972%;\">21.03.2012<\/td>\n<td style=\"height: 31px; text-align: left; width: 84.0662%;\">\u00a0So kann jeder die Wirbels\u00e4ule in Form halten<\/td>\n<\/tr>\n<tr style=\"height: 31px;\">\n<td style=\"height: 31px; width: 0.757576%;\"><\/td>\n<td style=\"height: 31px; text-align: left; width: 49.8106%;\"><a href=\"https:\/\/www.vs-seubersdorf.de\/schulpage\/wp-content\/uploads\/2010\/03\/10.07.2012_Schl\u00fcssel-zum-Erfolg-ist-M-Zug.pdf\" target=\"_blank\" rel=\"noopener noreferrer\">M-Zug in Seubersdorf<\/a><\/td>\n<td style=\"height: 31px; text-align: left; width: 10.3972%;\">04.07.2012<\/td>\n<td style=\"height: 31px; text-align: left; width: 84.0662%;\">Der Schl\u00fcssel zum Erfolg im M-Zug ist die Praxis<\/td>\n<\/tr>\n<tr style=\"height: 31px;\">\n<td style=\"height: 31px; width: 0.757576%;\"><\/td>\n<td style=\"height: 31px; text-align: left; width: 49.8106%;\"><a href=\"https:\/\/www.vs-seubersdorf.de\/schulpage\/wp-content\/uploads\/2010\/03\/20.-Ein-Berg-ist-geschafft_21.07.2012.pdf\" target=\"_blank\" rel=\"noopener noreferrer\">Entlassfeier<\/a><\/td>\n<td style=\"height: 31px; text-align: left; width: 10.3972%;\">21.07.2012<\/td>\n<td style=\"height: 31px; text-align: left; width: 84.0662%;\">Ein Berg ist geschafft, es folgen neue<\/td>\n<\/tr>\n<tr style=\"height: 31px;\">\n<td style=\"height: 31px; width: 0.757576%;\"><\/td>\n<td style=\"height: 31px; text-align: left; width: 49.8106%;\"><a title=\"Mittagsverpflegung\" href=\"https:\/\/www.vs-seubersdorf.de\/schulpage\/wp-content\/uploads\/2010\/03\/01_DasSportheim-ist-zu-darum-kochendie-Eltern_31.10.2012.pdf\" target=\"_blank\" rel=\"noopener noreferrer\">Mittagsverpflegung<\/a><\/td>\n<td style=\"height: 31px; text-align: left; width: 10.3972%;\">31.10.2012<\/td>\n<td style=\"height: 31px; text-align: left; width: 84.0662%;\">Das Sportheim ist zu &#8211; die M\u00fctter kochten selbst<\/td>\n<\/tr>\n<tr style=\"height: 31px;\">\n<td style=\"height: 31px; width: 0.757576%;\"><\/td>\n<td style=\"height: 31px; text-align: left; width: 49.8106%;\"><a title=\"Spende der Sparkasse\" href=\"https:\/\/www.vs-seubersdorf.de\/schulpage\/wp-content\/uploads\/2010\/03\/02_Sparkasse-verteilte-6500-Euro-an-Schulen.pdf\" target=\"_blank\" rel=\"noopener noreferrer\">Spende der Sparkasse<\/a><\/td>\n<td style=\"height: 31px; text-align: left; width: 10.3972%;\">10.11.2012<\/td>\n<td style=\"height: 31px; text-align: left; width: 84.0662%;\">\u00a0Sparkasse verteilt 6500 Euro an Schulen<\/td>\n<\/tr>\n<tr style=\"height: 31px;\">\n<td style=\"height: 31px; width: 0.757576%;\"><\/td>\n<td style=\"height: 31px; text-align: left; width: 49.8106%;\"><a title=\"Pausenengel\" href=\"https:\/\/www.vs-seubersdorf.de\/schulpage\/wp-content\/uploads\/2010\/03\/03_Pausenengel_13.11.2012.pdf\" target=\"_blank\" rel=\"noopener noreferrer\">Pausenengel<\/a><\/td>\n<td style=\"height: 31px; text-align: left; width: 10.3972%;\">13.11.2012<\/td>\n<td style=\"height: 31px; text-align: left; width: 84.0662%;\">20 Sch\u00fcler wurden zu Pausenengel<\/td>\n<\/tr>\n<tr style=\"height: 31px;\">\n<td style=\"height: 31px; width: 0.757576%;\"><\/td>\n<td style=\"height: 31px; text-align: left; width: 49.8106%;\"><a title=\"Erfolgreiche Nachwuchssch\u00fctzen\" href=\"https:\/\/www.vs-seubersdorf.de\/schulpage\/wp-content\/uploads\/2010\/03\/04_Hubertussch\u00fctzen-suchten-K\u00f6nig_19.11.2012.pdf\" target=\"_blank\" rel=\"noopener noreferrer\">Erfolgreiche Nachwuchssch\u00fctzen<\/a><\/td>\n<td style=\"height: 31px; text-align: left; width: 10.3972%;\">19.11.2012<\/td>\n<td style=\"height: 31px; text-align: left; width: 84.0662%;\">Hubertussch\u00fctzen suchten ihren K\u00f6nig<\/td>\n<\/tr>\n<tr style=\"height: 31px;\">\n<td style=\"height: 31px; width: 0.757576%;\"><\/td>\n<td style=\"height: 31px; text-align: left; width: 49.8106%;\"><a title=\"F\u00f6rderverein sponsert Waveboards\" href=\"https:\/\/www.vs-seubersdorf.de\/schulpage\/wp-content\/uploads\/2010\/03\/05_F\u00f6rderverein-beschenkt-Grund-und-Mittelsch\u00fcler_23.11.12.pdf\" target=\"_blank\" rel=\"noopener noreferrer\">Waveboards gespendet<\/a><\/td>\n<td style=\"height: 31px; text-align: left; width: 10.3972%;\">23.11.2012<\/td>\n<td style=\"height: 31px; text-align: left; width: 84.0662%;\">F\u00f6rderverein beschenkt Grund- und Mittelsch\u00fcler<\/td>\n<\/tr>\n<tr style=\"height: 31px;\">\n<td style=\"height: 31px; width: 0.757576%;\"><\/td>\n<td style=\"height: 31px; text-align: left; width: 49.8106%;\"><a title=\"Luciatag\" href=\"https:\/\/www.vs-seubersdorf.de\/schulpage\/wp-content\/uploads\/2010\/03\/06_Ein-Tag-ganz-im-Zeichen-der-heiligen-Luzia_11.12.2012.pdf\" target=\"_blank\" rel=\"noopener noreferrer\">Luciatag<\/a><\/td>\n<td style=\"height: 31px; text-align: left; width: 10.3972%;\">11.12.2012<\/td>\n<td style=\"height: 31px; text-align: left; width: 84.0662%;\">Ein Tag ganz im Zeichen der heiligen Lucia<\/td>\n<\/tr>\n<tr style=\"height: 31px;\">\n<td style=\"height: 31px; width: 0.757576%;\"><\/td>\n<td style=\"height: 31px; text-align: left; width: 49.8106%;\"><a href=\"https:\/\/www.vs-seubersdorf.de\/schulpage\/wp-content\/uploads\/2010\/03\/07_-Aus-der-Mittelschule-an-der-Spitze_13.12.12.pdf\">Erfolgsmodell Mittelschule<\/a><\/td>\n<td style=\"height: 31px; text-align: left; width: 10.3972%;\">13.12.2012<\/td>\n<td style=\"height: 31px; text-align: left; width: 84.0662%;\">Aus der Mittelschule an die Spitze<\/td>\n<\/tr>\n<tr style=\"height: 31px;\">\n<td style=\"height: 31px; width: 0.757576%;\"><\/td>\n<td style=\"height: 31px; text-align: left; width: 49.8106%;\"><a href=\"https:\/\/www.vs-seubersdorf.de\/schulpage\/wp-content\/uploads\/2010\/03\/08_Deborah-liest-am-sch\u00f6nsten_19.12.12.pdf\">Lesewettbewerb<\/a><\/td>\n<td style=\"height: 31px; text-align: left; width: 10.3972%;\">19.12.2012<\/td>\n<td style=\"height: 31px; text-align: left; width: 84.0662%;\">Deborah liest am sch\u00f6nsten<\/td>\n<\/tr>\n<tr style=\"height: 31px;\">\n<td style=\"height: 31px; width: 0.757576%;\"><\/td>\n<td style=\"height: 31px; text-align: left; width: 49.8106%;\"><a href=\"https:\/\/www.vs-seubersdorf.de\/schulpage\/wp-content\/uploads\/2010\/03\/09_Auf-den-Spa\u00df-kam-es-an_02.01.2013.pdf\">Silvesterlauf<\/a><\/td>\n<td style=\"height: 31px; text-align: left; width: 10.3972%;\">02.01.2013<\/td>\n<td style=\"height: 31px; text-align: left; width: 84.0662%;\">Auf den Spa\u00df kam es an<\/td>\n<\/tr>\n<tr style=\"height: 35px;\">\n<td style=\"height: 35px; width: 0.757576%;\"><\/td>\n<td style=\"height: 35px; text-align: left; width: 49.8106%;\"><a href=\"https:\/\/www.vs-seubersdorf.de\/schulpage\/wp-content\/uploads\/2010\/03\/10_Sichtbare-Freude-\u00fcber-Sportabzeichen_05.02.2013.pdf\">Sichtbare Freude <\/a><\/td>\n<td style=\"height: 35px; text-align: left; width: 10.3972%;\">05.02.2013<\/td>\n<td style=\"height: 35px; text-align: left; width: 84.0662%;\">Sportabzeichen f\u00fcr die Ganztagesklasse<\/td>\n<\/tr>\n<tr style=\"height: 31px;\">\n<td style=\"height: 31px; width: 0.757576%;\"><\/td>\n<td style=\"height: 31px; text-align: left; width: 49.8106%;\"><a href=\"https:\/\/www.vs-seubersdorf.de\/schulpage\/wp-content\/uploads\/2010\/03\/11_Hanteln-trainieren-Muskeln-und-laden-Handy-auf.pdf\">Erfolgreicher M-Sch\u00fcler<\/a><\/td>\n<td style=\"height: 31px; text-align: left; width: 10.3972%;\">23.02.2013<\/td>\n<td style=\"height: 31px; text-align: left; width: 84.0662%;\">Jugend forscht 2013<\/td>\n<\/tr>\n<tr style=\"height: 31px;\">\n<td style=\"height: 31px; width: 0.757576%;\"><\/td>\n<td style=\"height: 31px; text-align: left; width: 49.8106%;\"><a href=\"https:\/\/www.vs-seubersdorf.de\/schulpage\/wp-content\/uploads\/2010\/03\/12_Kinder-sind-Vorbilder-f\u00fcr-Erwachsene_01.03.2013.pdf\">Umweltpreis 2013<\/a><\/td>\n<td style=\"height: 31px; text-align: left; width: 10.3972%;\">02.03.2013<\/td>\n<td style=\"height: 31px; text-align: left; width: 84.0662%;\">Landrat: Kinder sind Vorbilder f\u00fcr Erwachsene<\/td>\n<\/tr>\n<tr style=\"height: 31px;\">\n<td style=\"height: 31px; width: 0.757576%;\"><\/td>\n<td style=\"height: 31px; text-align: left; width: 49.8106%;\"><a href=\"https:\/\/www.vs-seubersdorf.de\/schulpage\/wp-content\/uploads\/2010\/03\/12_Kinder-sind-Vorbilder-f\u00fcr-Erwachsene_01.03.2013.pdf\">Zeitungspaten<\/a><\/td>\n<td style=\"height: 31px; text-align: left; width: 10.3972%;\">04.06.2013<\/td>\n<td style=\"height: 31px; text-align: left; width: 84.0662%;\">B\u00fcrgermeister Meier als Zeitungspate<\/td>\n<\/tr>\n<tr style=\"height: 33px;\">\n<td style=\"height: 33px; width: 0.757576%;\"><\/td>\n<td style=\"height: 33px; text-align: left; width: 49.8106%;\"><a href=\"https:\/\/www.vs-seubersdorf.de\/schulpage\/wp-content\/uploads\/2010\/03\/Seubersdorfer-Sch\u00fcler-machen-Politijk.pdf\">\u00a0Sch\u00fcler machen Politik<\/a><\/td>\n<td style=\"height: 33px; text-align: left; width: 10.3972%;\">04.07.2013<\/td>\n<td style=\"height: 33px; text-align: left; width: 84.0662%;\">Klasse 4a f\u00e4hrt ins Parlament<\/td>\n<\/tr>\n<tr style=\"height: 31px;\">\n<td style=\"height: 31px; width: 0.757576%;\"><\/td>\n<td style=\"height: 31px; text-align: left; width: 49.8106%;\"><a href=\"https:\/\/www.vs-seubersdorf.de\/schulpage\/wp-content\/uploads\/2010\/03\/Ein-Indianer-erz\u00e4hlt.pdf\">Ein Indianer erz\u00e4hlt<\/a><\/td>\n<td style=\"height: 31px; text-align: left; width: 10.3972%;\">08.07.2013<\/td>\n<td style=\"height: 31px; text-align: left; width: 84.0662%;\">Ein echter Comanche zu Besuch an der Schule<\/td>\n<\/tr>\n<tr style=\"height: 31px;\">\n<td style=\"height: 31px; width: 0.757576%;\"><\/td>\n<td style=\"height: 31px; text-align: left; width: 49.8106%;\"><a href=\"https:\/\/www.vs-seubersdorf.de\/schulpage\/wp-content\/uploads\/2010\/03\/Falkenfedern-und-Buffalo.pdf\">Falkenfedern und Buffalo<\/a><\/td>\n<td style=\"height: 31px; text-align: left; width: 10.3972%;\">08.07.2013<\/td>\n<td style=\"height: 31px; text-align: left; width: 84.0662%;\">Ein Indianer erz\u00e4hlt in den 8. Klassen<\/td>\n<\/tr>\n<tr style=\"height: 31px;\">\n<td style=\"height: 31px; width: 0.757576%;\"><\/td>\n<td style=\"height: 31px; text-align: left; width: 49.8106%;\"><a href=\"https:\/\/www.vs-seubersdorf.de\/schulpage\/wp-content\/uploads\/2010\/03\/Seubersdorfer-Viertklassler-im-Parlament.pdf\">Viertklassler im Parlament<\/a><\/td>\n<td style=\"height: 31px; text-align: left; width: 10.3972%;\">08.07.2013<\/td>\n<td style=\"height: 31px; text-align: left; width: 84.0662%;\">Klasse 4a im Landtag zu Besuch<\/td>\n<\/tr>\n<tr style=\"height: 31px;\">\n<td style=\"height: 31px; width: 0.757576%;\"><\/td>\n<td style=\"height: 31px; text-align: left; width: 49.8106%;\"><a href=\"https:\/\/www.vs-seubersdorf.de\/schulpage\/wp-content\/uploads\/2010\/03\/20_Englandreise_10.07.2013.pdf\">Englandreise<\/a><\/td>\n<td style=\"height: 31px; text-align: left; width: 10.3972%;\">10.07.2013<\/td>\n<td style=\"height: 31px; text-align: left; width: 84.0662%;\">Seubersdorfer Sch\u00fcler lernen England kennen<\/td>\n<\/tr>\n<tr style=\"height: 31px;\">\n<td style=\"height: 31px; width: 0.757576%;\"><\/td>\n<td style=\"height: 31px; text-align: left; width: 49.8106%;\"><a href=\"https:\/\/www.vs-seubersdorf.de\/schulpage\/wp-content\/uploads\/2010\/03\/19_Besuch-im-Parlament_09.07.2013.pdf\">Besuch im Landtag<\/a><\/td>\n<td style=\"height: 31px; text-align: left; width: 10.3972%;\">09.07.2013<\/td>\n<td style=\"height: 31px; text-align: left; width: 84.0662%;\">Seubersdorfer Sch\u00fcler an die Macht<\/td>\n<\/tr>\n<tr style=\"height: 31px;\">\n<td style=\"height: 31px; width: 0.757576%;\"><\/td>\n<td style=\"height: 31px; text-align: left; width: 49.8106%;\"><a href=\"https:\/\/www.vs-seubersdorf.de\/schulpage\/wp-content\/uploads\/2010\/03\/21_Schulfest_11.07.2011.pdf\">Schulfest<\/a><\/td>\n<td style=\"height: 31px; text-align: left; width: 10.3972%;\">11.07.2013<\/td>\n<td style=\"height: 31px; text-align: left; width: 84.0662%;\">Sch\u00fcler, Lehrer und Eltern feiern gemeinsam<\/td>\n<\/tr>\n<tr style=\"height: 31px;\">\n<td style=\"height: 31px; width: 0.757576%;\"><\/td>\n<td style=\"height: 31px; text-align: left; width: 49.8106%;\"><a href=\"https:\/\/www.vs-seubersdorf.de\/schulpage\/wp-content\/uploads\/2010\/03\/22_Mit-drei-Schl\u00fcsseln-zum-Erfolg_20.07.2013.pdf\">Entlassfeier der 9. Klasse<\/a><\/td>\n<td style=\"height: 31px; text-align: left; width: 10.3972%;\">20.07.2013<\/td>\n<td style=\"height: 31px; text-align: left; width: 84.0662%;\">Mit drei Schl\u00fcsseln zum Erfolg<\/td>\n<\/tr>\n<tr style=\"height: 31px;\">\n<td style=\"height: 31px; width: 0.757576%;\"><\/td>\n<td style=\"height: 31px; text-align: left; width: 49.8106%;\"><a href=\"https:\/\/www.vs-seubersdorf.de\/schulpage\/wp-content\/uploads\/2010\/03\/23_Kinder-wagten-sich-an-die-Zauberfl\u00f6te_22.07.2013.pdf\">Die Zauberfl\u00f6te, ein Puppenspiel<\/a><\/td>\n<td style=\"height: 31px; text-align: left; width: 10.3972%;\">22.07.2013<\/td>\n<td style=\"height: 31px; text-align: left; width: 84.0662%;\">Kinder wagten sich an die Zauberfl\u00f6te<\/td>\n<\/tr>\n<tr style=\"height: 31px;\">\n<td style=\"height: 31px; width: 0.757576%;\"><\/td>\n<td style=\"height: 31px; text-align: left; width: 49.8106%;\"><a href=\"https:\/\/www.vs-seubersdorf.de\/schulpage\/wp-content\/uploads\/2010\/03\/24_Fr\u00fchzeitiger-Kontakt-zu-Fachkr\u00e4ften_29.07.2013.pdf\">Berufsorientierende Projekte<\/a><\/td>\n<td style=\"height: 31px; text-align: left; width: 10.3972%;\">29.07.2013<\/td>\n<td style=\"height: 31px; text-align: left; width: 84.0662%;\">Fr\u00fchzeitiger Kontakt mit Fachkr\u00e4ften<\/td>\n<\/tr>\n<tr style=\"height: 31px;\">\n<td style=\"height: 31px; width: 0.757576%;\"><\/td>\n<td style=\"height: 31px; text-align: left; width: 49.8106%;\"><a href=\"https:\/\/www.vs-seubersdorf.de\/schulpage\/wp-content\/uploads\/2010\/03\/01_F\u00f6rderverein-stiftete-einheitliche-Kleidung_26.09.2013.pdf\">T-Shirts f\u00fcr Bl\u00e4serklasse<\/a><\/td>\n<td style=\"height: 31px; text-align: left; width: 10.3972%;\">29.09.2013<\/td>\n<td style=\"height: 31px; text-align: left; width: 84.0662%;\">F\u00f6rderverin stiftete Kleidung f\u00fcr Bl\u00e4serklasse<\/td>\n<\/tr>\n<tr style=\"height: 31px;\">\n<td style=\"height: 31px; width: 0.757576%;\"><\/td>\n<td style=\"height: 31px; text-align: left; width: 49.8106%;\"><a href=\"https:\/\/www.vs-seubersdorf.de\/schulpage\/wp-content\/uploads\/2010\/03\/02_Sch\u00fcler-freuen-sich-\u00fcber-Musikinstrument_11.10.13.pdf\">Start der Klasse.im.Puls<\/a><\/td>\n<td style=\"height: 31px; text-align: left; width: 10.3972%;\">11.10.2013<\/td>\n<td style=\"height: 31px; text-align: left; width: 84.0662%;\">Sch\u00fcler freuen sich \u00fcber\u00a0 Musikinstrumente<\/td>\n<\/tr>\n<tr style=\"height: 31px;\">\n<td style=\"height: 31px; width: 0.757576%;\"><\/td>\n<td style=\"height: 31px; text-align: left; width: 49.8106%;\"><a href=\"https:\/\/www.vs-seubersdorf.de\/schulpage\/wp-content\/uploads\/2010\/03\/03_Musizierendes-Klassenzimmer-an-Mittelschule_-16.10.2013.pdf\">Klasse im Puls (NM Nachr.)<\/a><\/td>\n<td style=\"height: 31px; text-align: left; width: 10.3972%;\">16.10.2013<\/td>\n<td style=\"height: 31px; text-align: left; width: 84.0662%;\">Musizierendes Klassenzimmer<\/td>\n<\/tr>\n<tr style=\"height: 31px;\">\n<td style=\"height: 31px; width: 0.757576%;\"><\/td>\n<td style=\"height: 31px; text-align: left; width: 49.8106%;\"><a href=\"https:\/\/www.vs-seubersdorf.de\/schulpage\/wp-content\/uploads\/2010\/03\/04_Geldspritze-f\u00fcr-die-Schulen.pdf\">Sparkassenspende<\/a><\/td>\n<td style=\"height: 31px; text-align: left; width: 10.3972%;\">06.11.2013<\/td>\n<td style=\"height: 31px; text-align: left; width: 84.0662%;\">Geldspritze f\u00fcr die Schulen im Landkreis<\/td>\n<\/tr>\n<tr style=\"height: 31px;\">\n<td style=\"height: 31px; width: 0.757576%;\"><\/td>\n<td style=\"height: 31px; text-align: left; width: 49.8106%;\"><a href=\"https:\/\/www.vs-seubersdorf.de\/schulpage\/wp-content\/uploads\/2010\/03\/05_Silvesterlauf_02.01.2014.pdf\">Silvesterlauf 2013<\/a><\/td>\n<td style=\"height: 31px; text-align: left; width: 10.3972%;\">02.01.2014<\/td>\n<td style=\"height: 31px; text-align: left; width: 84.0662%;\">Rekorde beim Silvesterlauf<\/td>\n<\/tr>\n<tr style=\"height: 31px;\">\n<td style=\"height: 31px; width: 0.757576%;\"><\/td>\n<td style=\"height: 31px; text-align: left; width: 49.8106%;\"><a href=\"https:\/\/www.vs-seubersdorf.de\/schulpage\/wp-content\/uploads\/2010\/03\/06_Besondere-Lernmethode-genutzt.pdf\">Messebesuch in Parsberg<\/a><\/td>\n<td style=\"height: 31px; text-align: left; width: 10.3972%;\">15.01.2014<\/td>\n<td style=\"height: 31px; text-align: left; width: 84.0662%;\">Besondere Lernmethoden genutzt<\/td>\n<\/tr>\n<tr style=\"height: 31px;\">\n<td style=\"height: 31px; width: 0.757576%;\"><\/td>\n<td style=\"height: 31px; text-align: left; width: 49.8106%;\"><a href=\"https:\/\/www.vs-seubersdorf.de\/schulpage\/wp-content\/uploads\/2010\/03\/Sch\u00fcler-weihen-Kicker-ein_13.02.2014.pdf\">F\u00f6rderverein spendet Kicker<\/a><\/td>\n<td style=\"height: 31px; text-align: left; width: 10.3972%;\">13.02.2014<\/td>\n<td style=\"height: 31px; text-align: left; width: 84.0662%;\">Sch\u00fcler weihten neuen Kicker ein<\/td>\n<\/tr>\n<tr style=\"height: 31px;\">\n<td style=\"height: 31px; width: 0.757576%;\"><\/td>\n<td style=\"height: 31px; text-align: left; width: 49.8106%;\"><a href=\"https:\/\/www.vs-seubersdorf.de\/schulpage\/wp-content\/uploads\/2010\/03\/09_Finale-in-Seubersdorf_12.03.2014.pdf\">Tischtennis-Landesfinale<\/a><\/td>\n<td style=\"height: 31px; text-align: left; width: 10.3972%;\">12.03.2014<\/td>\n<td style=\"height: 31px; text-align: left; width: 84.0662%;\">Finale in Seubersdorf<\/td>\n<\/tr>\n<tr style=\"height: 31px;\">\n<td style=\"height: 31px; width: 0.757576%;\"><\/td>\n<td style=\"height: 31px; text-align: left; width: 49.8106%;\"><a href=\"https:\/\/www.vs-seubersdorf.de\/schulpage\/wp-content\/uploads\/2010\/03\/10_Finale-war-in-Seubersdorf_14.03.2014.pdf\">Tischtennis-Landesfinale<\/a><\/td>\n<td style=\"height: 31px; text-align: left; width: 10.3972%;\">14.03.2014<\/td>\n<td style=\"height: 31px; text-align: left; width: 84.0662%;\">Finale war in Seubersdorf<\/td>\n<\/tr>\n<tr style=\"height: 31px;\">\n<td style=\"height: 31px; width: 0.757576%;\"><\/td>\n<td style=\"height: 31px; text-align: left; width: 49.8106%;\"><a href=\"http:\/\/www.bttv.de\/news\/data\/2014\/03\/18\/landesfinale-im-rahmen-des-wettbewerbs-jugend-trainiert-fuer-olympia\/\">Tischtennis-Landesfinale<\/a><\/td>\n<td style=\"height: 31px; text-align: left; width: 10.3972%;\">18.03.2014<\/td>\n<td style=\"height: 31px; text-align: left; width: 84.0662%;\">Gro\u00dfartiges Tischtennis in Seubersdorf<\/td>\n<\/tr>\n<tr style=\"height: 31px;\">\n<td style=\"height: 31px; width: 0.757576%;\"><\/td>\n<td style=\"height: 31px; text-align: left; width: 49.8106%;\"><a href=\"https:\/\/www.vs-seubersdorf.de\/schulpage\/wp-content\/uploads\/2010\/03\/13_Schulseite_30.04.2014.pdf\">Schulseite<\/a><\/td>\n<td style=\"height: 31px; text-align: left; width: 10.3972%;\">30.04.2014<\/td>\n<td style=\"height: 31px; text-align: left; width: 84.0662%;\">Bigband\/Wohnprojekt<\/td>\n<\/tr>\n<tr style=\"height: 31px;\">\n<td style=\"height: 31px; width: 0.757576%;\"><\/td>\n<td style=\"height: 31px; text-align: left; width: 49.8106%;\"><a href=\"https:\/\/www.vs-seubersdorf.de\/schulpage\/wp-content\/uploads\/2010\/03\/Sch\u00fcler-bekamen-Sportabzeichen_22.05.2014.pdf\">Sportabzeichenschulwettbewerb<\/a><\/td>\n<td style=\"height: 31px; text-align: left; width: 10.3972%;\">22.05.2014<\/td>\n<td style=\"height: 31px; text-align: left; width: 84.0662%;\">Sieger beim Sportabzeichenwettbewerb<\/td>\n<\/tr>\n<tr style=\"height: 31px;\">\n<td style=\"height: 31px; width: 0.757576%;\"><\/td>\n<td style=\"height: 31px; text-align: left; width: 49.8106%;\"><a href=\"https:\/\/www.vs-seubersdorf.de\/schulpage\/wp-content\/uploads\/2010\/03\/29.05.2014_Tr\u00e4umewettbewerb.pdf\">Kunstwettbewerb &#8222;Tr\u00e4ume&#8220;<\/a><\/td>\n<td style=\"height: 31px; text-align: left; width: 10.3972%;\">29.05.2014<\/td>\n<td style=\"height: 31px; text-align: left; width: 84.0662%;\">Drei Sieger beim Kunstwettbewerb<\/td>\n<\/tr>\n<tr style=\"height: 31px;\">\n<td style=\"height: 31px; width: 0.757576%;\"><\/td>\n<td style=\"height: 31px; text-align: left; width: 49.8106%;\"><a href=\"https:\/\/www.vs-seubersdorf.de\/schulpage\/wp-content\/uploads\/2010\/03\/16_Bl\u00e4serklassentreffen_07.06.2014.pdf\">Bl\u00e4serklassentreffen<\/a><\/td>\n<td style=\"height: 31px; text-align: left; width: 10.3972%;\">07.06.2014<\/td>\n<td style=\"height: 31px; text-align: left; width: 84.0662%;\">Zum ersten Mal trafen sich Bl\u00e4serklassen<\/td>\n<\/tr>\n<tr style=\"height: 31px;\">\n<td style=\"height: 31px; width: 0.757576%;\"><\/td>\n<td style=\"height: 31px; text-align: left; width: 49.8106%;\"><a href=\"https:\/\/www.vs-seubersdorf.de\/schulpage\/wp-content\/uploads\/2010\/03\/ZIS-Allianz-Arena-04.07.2014.pdf\">Zeitung in der Schule<\/a><\/td>\n<td style=\"height: 31px; text-align: left; width: 10.3972%;\">04.07.2014<\/td>\n<td style=\"height: 31px; text-align: left; width: 84.0662%;\">Fu\u00dfball in der Allianz-Arena<\/td>\n<\/tr>\n<tr style=\"height: 31px;\">\n<td style=\"height: 31px; width: 0.757576%;\"><\/td>\n<td style=\"height: 31px; text-align: left; width: 49.8106%;\"><a href=\"https:\/\/www.vs-seubersdorf.de\/schulpage\/wp-content\/uploads\/2010\/03\/01_Willkommener-Zuschuss_16.10.2014.pdf\">Spende der Sparkasse<\/a><\/td>\n<td style=\"height: 31px; text-align: left; width: 10.3972%;\">16.10.2014<\/td>\n<td style=\"height: 31px; text-align: left; width: 84.0662%;\">Willkommener Zuschuss f\u00fcr die Schulen<\/td>\n<\/tr>\n<tr style=\"height: 31px;\">\n<td style=\"height: 31px; width: 0.757576%;\"><\/td>\n<td style=\"height: 31px; text-align: left; width: 49.8106%;\"><a href=\"https:\/\/www.vs-seubersdorf.de\/schulpage\/wp-content\/uploads\/2010\/03\/02_Gebrauchsanweisung-f\u00fcr-das-Ged\u00e4chtnis_22.10.2014.pdf\">Vortrag: Lernen und Ged\u00e4chtnis<\/a><\/td>\n<td style=\"height: 31px; text-align: left; width: 10.3972%;\">22.10.2014<\/td>\n<td style=\"height: 31px; text-align: left; width: 84.0662%;\">Gebrauchsanweisung f\u00fcrs Gehirn<\/td>\n<\/tr>\n<tr style=\"height: 31px;\">\n<td style=\"height: 31px; width: 0.757576%;\"><\/td>\n<td style=\"height: 31px; text-align: left; width: 49.8106%;\"><a href=\"https:\/\/www.vs-seubersdorf.de\/schulpage\/wp-content\/uploads\/2010\/03\/03_Big-Band-dankte-mit-St\u00e4ndchen_21.11..2014.pdf\">Auftritt der Big Band<\/a><\/td>\n<td style=\"height: 31px; text-align: left; width: 10.3972%;\">21.11.2014<\/td>\n<td style=\"height: 31px; text-align: left; width: 84.0662%;\">Big Band dankte mit St\u00e4ndchen<\/td>\n<\/tr>\n<tr style=\"height: 31px;\">\n<td style=\"height: 31px; width: 0.757576%;\"><\/td>\n<td style=\"height: 31px; text-align: left; width: 49.8106%;\"><a href=\"https:\/\/www.vs-seubersdorf.de\/schulpage\/wp-content\/uploads\/2010\/03\/04_Grundsch\u00fcler-verbrachten-Engeltag_16.12.2014.pdf\">Engeltag<\/a><\/td>\n<td style=\"height: 31px; text-align: left; width: 10.3972%;\">16.12.2014<\/td>\n<td style=\"height: 31px; text-align: left; width: 84.0662%;\">Sch\u00fcler verbrachten Engeltag<\/td>\n<\/tr>\n<tr style=\"height: 31px;\">\n<td style=\"height: 31px; width: 0.757576%;\"><\/td>\n<td style=\"height: 31px; text-align: left; width: 49.8106%;\"><a href=\"https:\/\/www.vs-seubersdorf.de\/schulpage\/wp-content\/uploads\/2010\/03\/05_F\u00fcr-guten-Zweck-gespielt_10.01.2015.pdf\">Brass Affaire\u00a0 f\u00fcr F\u00f6rderverein<\/a><\/td>\n<td style=\"height: 31px; text-align: left; width: 10.3972%;\">10.01.2015<\/td>\n<td style=\"height: 31px; text-align: left; width: 84.0662%;\">F\u00fcr guten Zweck gespielt<\/td>\n<\/tr>\n<tr style=\"height: 31px;\">\n<td style=\"height: 31px; width: 0.757576%;\"><\/td>\n<td style=\"height: 31px; text-align: left; width: 49.8106%;\"><a href=\"https:\/\/www.vs-seubersdorf.de\/schulpage\/wp-content\/uploads\/2010\/03\/05_Sportliche-Sch\u00fcler-wurden-geehrt_14.01.2015.pdf\">Sportabzeichen<\/a><\/td>\n<td style=\"height: 31px; text-align: left; width: 10.3972%;\">14.01.2015<\/td>\n<td style=\"height: 31px; text-align: left; width: 84.0662%;\">Sportliche Sch\u00fcler wurden geehrt<\/td>\n<\/tr>\n<tr style=\"height: 31px;\">\n<td style=\"height: 31px; width: 0.757576%;\"><\/td>\n<td style=\"height: 31px; text-align: left; width: 49.8106%;\"><a href=\"https:\/\/www.vs-seubersdorf.de\/schulpage\/wp-content\/uploads\/2010\/03\/Umweltpreis.pdf\">Umweltpreisverleihung<\/a><\/td>\n<td style=\"height: 31px; text-align: left; width: 10.3972%;\">25.02.2015<\/td>\n<td style=\"height: 31px; text-align: left; width: 84.0662%;\">Umweltpreis f\u00fcr die Schule Seubersdorf<\/td>\n<\/tr>\n<tr style=\"height: 31px;\">\n<td style=\"height: 31px; width: 0.757576%;\"><\/td>\n<td style=\"height: 31px; text-align: left; width: 49.8106%;\"><a href=\"https:\/\/www.vs-seubersdorf.de\/schulpage\/wp-content\/uploads\/2010\/03\/08_Jubel-an-Bayerns-zweitst\u00e4rkster-Schule_10.03.2015.pdf\">&#8222;Starke Schule&#8220;<\/a><\/td>\n<td style=\"height: 31px; text-align: left; width: 10.3972%;\">10.03.2015<\/td>\n<td style=\"height: 31px; text-align: left; width: 84.0662%;\">Jubel an Bayerns zweitbester Schule<\/td>\n<\/tr>\n<tr style=\"height: 31px;\">\n<td style=\"height: 31px; width: 0.757576%;\"><\/td>\n<td style=\"height: 31px; text-align: left; width: 49.8106%;\"><a href=\"https:\/\/www.vs-seubersdorf.de\/schulpage\/wp-content\/uploads\/2010\/03\/09_Alkohol-am-Steuer.pdf\">Aktion Disco-Fieber<\/a><\/td>\n<td style=\"height: 31px; text-align: left; width: 10.3972%;\">25.03.2015<\/td>\n<td style=\"height: 31px; text-align: left; width: 84.0662%;\">Alkohol am Steuer &#8211; die Folgen hautnah erleben<\/td>\n<\/tr>\n<tr style=\"height: 32px;\">\n<td style=\"height: 32px; width: 0.757576%;\"><\/td>\n<td style=\"height: 32px; text-align: left; width: 49.8106%;\"><a href=\"https:\/\/www.vs-seubersdorf.de\/schulpage\/wp-content\/uploads\/2010\/03\/10_Bundespreisverleihung.pdf\">Bundespreisverleihung<\/a><\/td>\n<td style=\"height: 32px; text-align: left; width: 10.3972%;\">23.04.2015<\/td>\n<td style=\"height: 32px; text-align: left; width: 84.0662%;\">Seubersdorfer Schule bei Bundespreisverleihung<\/td>\n<\/tr>\n<tr style=\"height: 31px;\">\n<td style=\"height: 31px; width: 0.757576%;\"><\/td>\n<td style=\"height: 31px; text-align: left; width: 49.8106%;\"><a href=\"https:\/\/www.vs-seubersdorf.de\/schulpage\/wp-content\/uploads\/2010\/03\/11_Firmen-werben-um-Ausbildungsplatz_24.06.2015.pdf\">Berufswahlseminar<\/a><\/td>\n<td style=\"height: 31px; text-align: left; width: 10.3972%;\">24.06.2015<\/td>\n<td style=\"height: 31px; text-align: left; width: 84.0662%;\">Firmen werben um Auszubildende<\/td>\n<\/tr>\n<tr style=\"height: 31px;\">\n<td style=\"height: 31px; width: 0.757576%;\"><\/td>\n<td style=\"height: 31px; text-align: left; width: 49.8106%;\"><a href=\"https:\/\/www.vs-seubersdorf.de\/schulpage\/wp-content\/uploads\/2010\/03\/12_Abschied-von-einem-edlen-Jahrgang_24.07.2015.pdf\">Verabschiedung der 10. Klassen<\/a><\/td>\n<td style=\"height: 31px; text-align: left; width: 10.3972%;\">24.07.2015<\/td>\n<td style=\"height: 31px; text-align: left; width: 84.0662%;\">Abschied von einem edlen Jahrgang<\/td>\n<\/tr>\n<tr style=\"height: 31px;\">\n<td style=\"height: 31px; width: 0.757576%;\"><\/td>\n<td style=\"height: 31px; text-align: left; width: 49.8106%;\"><a href=\"https:\/\/www.vs-seubersdorf.de\/schulpage\/wp-content\/uploads\/2010\/03\/Enlassfeier_25.07.2015.pdf\">Entlassfeier der 9. Klasse<\/a><\/td>\n<td style=\"height: 31px; text-align: left; width: 10.3972%;\">25.07.2015<\/td>\n<td style=\"height: 31px; text-align: left; width: 84.0662%;\">&#8222;Zur Arbeit werden wir nun gehen&#8220;<\/td>\n<\/tr>\n<tr style=\"height: 33px;\">\n<td style=\"height: 33px; width: 0.757576%;\"><\/td>\n<td style=\"height: 33px; text-align: left; width: 49.8106%;\"><a href=\"https:\/\/www.vs-seubersdorf.de\/schulpage\/wp-content\/uploads\/2010\/03\/1_SpoAbz_23.09.2015.pdf\" target=\"_blank\" rel=\"noopener noreferrer\">Sportabzeichen<\/a><\/td>\n<td style=\"height: 33px; text-align: left; width: 10.3972%;\">29.09.2015<\/td>\n<td style=\"height: 33px; text-align: left; width: 84.0662%;\">Sch\u00fcler setzen sportliches Ausrufezeichen<\/td>\n<\/tr>\n<tr style=\"height: 31px;\">\n<td style=\"height: 31px; width: 0.757576%;\"><\/td>\n<td style=\"height: 31px; text-align: left; width: 49.8106%;\"><a href=\"https:\/\/www.vs-seubersdorf.de\/schulpage\/wp-content\/uploads\/2010\/03\/2_Spende-Kleiderbasar_06.10.2015.pdf\" rel=\"\">Spende des Basarteams<\/a><\/td>\n<td style=\"height: 31px; text-align: left; width: 10.3972%;\">06.10.2015<\/td>\n<td style=\"height: 31px; text-align: left; width: 84.0662%;\">Spende aus Erl\u00f6s des Kleiderbasars<\/td>\n<\/tr>\n<tr style=\"height: 31px;\">\n<td style=\"height: 31px; width: 0.757576%;\"><\/td>\n<td style=\"height: 31px; text-align: left; width: 49.8106%;\"><a href=\"https:\/\/www.vs-seubersdorf.de\/schulpage\/wp-content\/uploads\/2010\/03\/2_Spende-Elternbeirat_10.12.2015.pdf\">Spende des Elternbeirats<\/a><\/td>\n<td style=\"height: 31px; text-align: left; width: 10.3972%;\">10.12.2015<\/td>\n<td style=\"height: 31px; text-align: left; width: 84.0662%;\">Eltern spenden f\u00fcr Musikanlage<\/td>\n<\/tr>\n<tr style=\"height: 31px;\">\n<td style=\"height: 31px; width: 0.757576%;\"><\/td>\n<td style=\"height: 31px; text-align: left; width: 49.8106%;\"><a href=\"https:\/\/www.vs-seubersdorf.de\/schulpage\/wp-content\/uploads\/2010\/03\/4_Streitschlichter_23.12.2015.pdf\" rel=\"\">Steitschlichter<\/a><\/td>\n<td style=\"height: 31px; text-align: left; width: 10.3972%;\">23.12.2015<\/td>\n<td style=\"height: 31px; text-align: left; width: 84.0662%;\">\u00a0Streitschlichter trainieren Lebenskompetenz<\/td>\n<\/tr>\n<tr style=\"height: 31px;\">\n<td style=\"height: 31px; width: 0.757576%;\"><\/td>\n<td style=\"height: 31px; text-align: left; width: 49.8106%;\"><a href=\"https:\/\/www.vs-seubersdorf.de\/schulpage\/wp-content\/uploads\/2010\/03\/5_Sch\u00f6ne-Bescherung_24.12.2015.pdf\" rel=\"\">Sch\u00f6ne Bescherung<\/a><\/td>\n<td style=\"height: 31px; text-align: left; width: 10.3972%;\">24.12.2015<\/td>\n<td style=\"height: 31px; text-align: left; width: 84.0662%;\">Elternbeirat beschenkte Fl\u00fcchtlingskinder<\/td>\n<\/tr>\n<tr style=\"height: 31px;\">\n<td style=\"height: 31px; width: 0.757576%;\"><\/td>\n<td style=\"height: 31px; text-align: left; width: 49.8106%;\"><a href=\"https:\/\/www.vs-seubersdorf.de\/schulpage\/wp-content\/uploads\/2010\/03\/6_Siegerehrung-Silvesterlauf_19.01.2016.pdf\" target=\"_blank\" rel=\"noopener noreferrer\">Siegerehrung<\/a><\/td>\n<td style=\"height: 31px; text-align: left; width: 10.3972%;\">19.01.2016<\/td>\n<td style=\"height: 31px; text-align: left; width: 84.0662%;\">Schule ehrt ihre Silvesterl\u00e4ufer<\/td>\n<\/tr>\n<tr style=\"height: 31px;\">\n<td style=\"height: 31px; width: 0.757576%;\"><\/td>\n<td style=\"height: 31px; text-align: left; width: 49.8106%;\"><a href=\"https:\/\/www.vs-seubersdorf.de\/schulpage\/wp-content\/uploads\/2010\/03\/7_Hinter-den-Kulissen_23.01.2016.pdf\" rel=\"\">Kooperation mit dem Theater<\/a><\/td>\n<td style=\"height: 31px; text-align: left; width: 10.3972%;\">23.01.2016<\/td>\n<td style=\"height: 31px; text-align: left; width: 84.0662%;\">Hinter den Kulissen<\/td>\n<\/tr>\n<tr style=\"height: 35px;\">\n<td style=\"height: 35px; width: 0.757576%;\"><\/td>\n<td style=\"height: 35px; text-align: left; width: 49.8106%;\"><a href=\"https:\/\/www.vs-seubersdorf.de\/schulpage\/wp-content\/uploads\/2010\/03\/8_Verleihung-Umweltpreis_19.02.2016.pdf\" rel=\"\">Umweltpreisverleihung<\/a><\/td>\n<td style=\"height: 35px; text-align: left; width: 10.3972%;\">19.02.2016<\/td>\n<td style=\"height: 35px; text-align: left; width: 84.0662%;\">\u00a0Sch\u00fcler sind Vorbilder in Sachen Nachhaltigkeit<\/td>\n<\/tr>\n<tr style=\"height: 31px;\">\n<td style=\"height: 38px; width: 0.757576%;\"><\/td>\n<td style=\"height: 38px; text-align: left; width: 49.8106%;\"><a href=\"https:\/\/www.vs-seubersdorf.de\/schulpage\/wp-content\/uploads\/2010\/03\/9_Landesfinale_10.03.2016.pdf\" rel=\"\">Tischtennis Landesfinale<\/a><\/td>\n<td style=\"height: 38px; text-align: left; width: 10.3972%;\">10.03.2016<\/td>\n<td style=\"height: 38px; text-align: left; width: 84.0662%;\">Landesfinale stieg in Seubersdorf<\/td>\n<\/tr>\n<tr style=\"height: 31px;\">\n<td style=\"height: 31px; width: 0.757576%;\"><\/td>\n<td style=\"height: 31px; text-align: left; width: 49.8106%;\"><a href=\"https:\/\/www.vs-seubersdorf.de\/schulpage\/wp-content\/uploads\/2010\/03\/10_Sossani_08.06.2016.pdf\" rel=\"\">Pantomime mit Fl\u00fcchtlingskindern<\/a><\/td>\n<td style=\"height: 31px; text-align: left; width: 10.3972%;\">07.06.2016<\/td>\n<td style=\"height: 31px; text-align: left; width: 84.0662%;\">Kinder lernen Mimik und Gestik deuten<\/td>\n<\/tr>\n<tr style=\"height: 31px;\">\n<td style=\"height: 31px; width: 0.757576%;\"><\/td>\n<td style=\"height: 31px; text-align: left; width: 49.8106%;\"><a href=\"https:\/\/www.vs-seubersdorf.de\/schulpage\/wp-content\/uploads\/2010\/03\/Markus-Eigenstetter-Bayerischer-Meister-MZ-vom-16.06.2016.pdf\" rel=\"\">Schneller Konrektor<\/a><\/td>\n<td style=\"height: 31px; text-align: left; width: 10.3972%;\">18.06.2016<\/td>\n<td style=\"height: 31px; text-align: left; width: 84.0662%;\">Markus Eigenstetter wird Bayerischer Meister<\/td>\n<\/tr>\n<tr style=\"height: 31px;\">\n<td style=\"height: 31px; width: 0.757576%;\"><\/td>\n<td style=\"height: 31px; text-align: left; width: 49.8106%;\"><a href=\"https:\/\/www.vs-seubersdorf.de\/schulpage\/wp-content\/uploads\/2010\/03\/11_Fest-des-F\u00f6rdervereins.pdf\" rel=\"\">Fest des F\u00f6rdervereins<\/a><\/td>\n<td style=\"height: 31px; text-align: left; width: 10.3972%;\">20.7.2016<\/td>\n<td style=\"height: 31px; text-align: left; width: 84.0662%;\">F\u00f6rderverein feiert sein 10j\u00e4hriges Bestehen<\/td>\n<\/tr>\n<tr style=\"height: 31px;\">\n<td style=\"height: 31px; width: 0.757576%;\"><\/td>\n<td style=\"height: 31px; text-align: left; width: 49.8106%;\"><a href=\"https:\/\/www.vs-seubersdorf.de\/schulpage\/wp-content\/uploads\/2010\/03\/Abschlussfeier-9.-Klasse_22.06.2016.pdf\" rel=\"\">Abschlussfeier 9. Klasse<\/a><\/td>\n<td style=\"height: 31px; text-align: left; width: 10.3972%;\">22.07.2016<\/td>\n<td style=\"height: 31px; text-align: left; width: 84.0662%;\">27 Sch\u00fcler haben die &#8222;Bergtour&#8220; geschafft<\/td>\n<\/tr>\n<tr style=\"height: 35.0669px;\">\n<td style=\"height: 35px; width: 0.757576%;\"><\/td>\n<td style=\"height: 35px; text-align: left; width: 49.8106%;\"><a href=\"https:\/\/www.vs-seubersdorf.de\/schulpage\/wp-content\/uploads\/2010\/03\/01_Spende-Frauentreff_10.10.2016.pdf\" target=\"_blank\" rel=\"noopener noreferrer\">Spende des Frauentreffs<\/a><\/td>\n<td style=\"height: 35px; text-align: left; width: 10.3972%;\">10.10.2016<\/td>\n<td style=\"height: 35px; text-align: left; width: 84.0662%;\">\u00a0Basar brachte 500 Euro f\u00fcr den F\u00f6rderverein<\/td>\n<\/tr>\n<tr style=\"height: 31px;\">\n<td style=\"height: 31px; width: 0.757576%;\"><\/td>\n<td style=\"height: 31px; text-align: left; width: 49.8106%;\"><a href=\"https:\/\/www.vs-seubersdorf.de\/schulpage\/wp-content\/uploads\/2010\/03\/02_Seubersdorfer-Schule-verdient-sich-Freiheit_16.11.2016.pdf\" target=\"_blank\" rel=\"noopener noreferrer\">Auszeichnung als Modus-Schule<\/a><\/td>\n<td style=\"height: 31px; text-align: left; width: 10.3972%;\">16.11.2016<\/td>\n<td style=\"height: 31px; text-align: left; width: 84.0662%;\">Seuberdorfer Schule verdient sich Freiheit<\/td>\n<\/tr>\n<tr style=\"height: 31px;\">\n<td style=\"height: 31px; width: 0.757576%;\"><\/td>\n<td style=\"height: 31px; text-align: left; width: 49.8106%;\"><a href=\"https:\/\/www.vs-seubersdorf.de\/schulpage\/wp-content\/uploads\/2017\/01\/03_Siegerehrung-Silvesterlauf_18.01.2017.pdf\" target=\"_blank\" rel=\"noopener noreferrer\">Silvesterlauf 2017<\/a><\/td>\n<td style=\"height: 31px; text-align: left; width: 10.3972%;\">18.01.2017<\/td>\n<td style=\"height: 31px; text-align: left; width: 84.0662%;\">Die Grund- und Mittelschule hat flei\u00dfige L\u00e4ufer<\/td>\n<\/tr>\n<tr style=\"height: 31px;\">\n<td style=\"height: 31px; width: 0.757576%;\"><\/td>\n<td style=\"height: 31px; text-align: left; width: 49.8106%;\"><a href=\"https:\/\/www.vs-seubersdorf.de\/schulpage\/wp-content\/uploads\/2010\/03\/MZ-Bericht-Umweltpreis-2016.pdf\" target=\"_blank\" rel=\"noopener noreferrer\">Umweltpreis 2016<\/a><\/td>\n<td style=\"height: 31px; text-align: left; width: 10.3972%;\">14.03.2017<\/td>\n<td style=\"height: 31px; text-align: left; width: 84.0662%;\">Originelle Ideen f\u00fcr die Umwelt<\/td>\n<\/tr>\n<tr style=\"height: 35px;\">\n<td style=\"height: 35px; width: 0.757576%;\"><\/td>\n<td style=\"height: 35px; text-align: left; width: 49.8106%;\"><a href=\"https:\/\/www.vs-seubersdorf.de\/schulpage\/wp-content\/uploads\/2017\/07\/05_Ruhestand.pdf\" target=\"_blank\" rel=\"noopener noreferrer\">Verabschiedung<\/a><\/td>\n<td style=\"height: 35px; text-align: left; width: 10.3972%;\">27.08.2017<\/td>\n<td style=\"height: 35px; text-align: left; width: 84.0662%;\">Die Schule verliert drei echte S\u00e4ulen<\/td>\n<\/tr>\n<tr style=\"height: 29px;\">\n<td style=\"height: 29px; width: 0.757576%;\"><\/td>\n<td style=\"height: 29px; text-align: left; width: 49.8106%;\"><a href=\"https:\/\/www.vs-seubersdorf.de\/schulpage\/wp-content\/uploads\/2018\/01\/01_Essen-gibt-es-auf-dem-Buchberg_28.09.17.pdf\" target=\"_blank\" rel=\"noopener noreferrer\">Verpflegung am Berg<\/a><\/td>\n<td style=\"height: 29px; text-align: left; width: 10.3972%;\">28.09.2017<\/td>\n<td style=\"height: 29px; text-align: left; width: 84.0662%;\">Essen gibt es auf dem Buchberg<\/td>\n<\/tr>\n<tr style=\"height: 29px;\">\n<td style=\"height: 29px; width: 0.757576%;\"><\/td>\n<td style=\"height: 29px; text-align: left; width: 49.8106%;\"><a href=\"https:\/\/www.vs-seubersdorf.de\/schulpage\/wp-content\/uploads\/2018\/01\/03_Juniorabzeichen-des-Musikbunds-in-der-Tasche_29.09.17.pdf\" target=\"_blank\" rel=\"noopener noreferrer\">Auszeichnung<\/a><\/td>\n<td style=\"height: 29px; text-align: left; width: 10.3972%;\">29.09.2017<\/td>\n<td style=\"height: 29px; text-align: left; width: 84.0662%;\">Juniorabzeichen f\u00fcr Bigband<\/td>\n<\/tr>\n<tr style=\"height: 29px;\">\n<td style=\"height: 29px; width: 0.757576%;\"><\/td>\n<td style=\"height: 29px; text-align: left; width: 49.8106%;\"><a href=\"https:\/\/www.vs-seubersdorf.de\/schulpage\/wp-content\/uploads\/2018\/01\/02_Sparkasse-sch\u00fcttet-F\u00fcllhorn-aus_10.10.17.pdf\" target=\"_blank\" rel=\"noopener noreferrer\">Spende der Sparkasse<\/a><\/td>\n<td style=\"height: 29px; text-align: left; width: 10.3972%;\">10.10.2017<\/td>\n<td style=\"height: 29px; text-align: left; width: 84.0662%;\">Sparkasse sch\u00fcttet F\u00fcllhorn aus<\/td>\n<\/tr>\n<tr style=\"height: 29px;\">\n<td style=\"height: 29px; width: 0.757576%;\"><\/td>\n<td style=\"height: 29px; text-align: left; width: 49.8106%;\"><a href=\"https:\/\/www.vs-seubersdorf.de\/schulpage\/wp-content\/uploads\/2018\/01\/03_F\u00f6rderverein-unterst\u00fctzt-weiter-Sch\u00fcler_20.10.17.pdf\" target=\"_blank\" rel=\"noopener noreferrer\">Neuwahlen<\/a><\/td>\n<td style=\"height: 29px; text-align: left; width: 10.3972%;\">20.10.2017<\/td>\n<td style=\"height: 29px; text-align: left; width: 84.0662%;\">F\u00f6rderverein unterst\u00fctzt weiter Sch\u00fcler<\/td>\n<\/tr>\n<tr style=\"height: 29px;\">\n<td style=\"height: 29px; width: 0.757576%;\"><\/td>\n<td style=\"height: 29px; text-align: left; width: 49.8106%;\"><a href=\"https:\/\/www.vs-seubersdorf.de\/schulpage\/wp-content\/uploads\/2018\/01\/04_Br\u00fccke-zum-Handwerk_25.10.17.pdf\" target=\"_blank\" rel=\"noopener noreferrer\">Kunst- Technik-Woche<\/a><\/td>\n<td style=\"height: 29px; text-align: left; width: 10.3972%;\">25.10.2017<\/td>\n<td style=\"height: 29px; text-align: left; width: 84.0662%;\">Br\u00fccke zum Handwerk<\/td>\n<\/tr>\n<tr style=\"height: 29px;\">\n<td style=\"height: 29px; width: 0.757576%;\"><\/td>\n<td style=\"height: 29px; text-align: left; width: 49.8106%;\"><a href=\"https:\/\/www.vs-seubersdorf.de\/schulpage\/wp-content\/uploads\/2018\/01\/05_Vn-moderner-Mobilit\u00e4t-zur-Naturkosmetik_6.12.17.pdf\" target=\"_blank\" rel=\"noopener noreferrer\">Umweltprojekt<\/a><\/td>\n<td style=\"height: 29px; text-align: left; width: 10.3972%;\">06.12.2017<\/td>\n<td style=\"height: 29px; text-align: left; width: 84.0662%;\">Von moderner Mobilit\u00e4t bis zur Naturkosmetik<\/td>\n<\/tr>\n<tr style=\"height: 29px;\">\n<td style=\"height: 29px; width: 0.757576%;\"><\/td>\n<td style=\"height: 29px; text-align: left; width: 49.8106%;\"><a href=\"https:\/\/www.vs-seubersdorf.de\/schulpage\/wp-content\/uploads\/2018\/01\/06_Schnell-zu-Fu\u00df-an-Silvester_02.01.18.pdf\" target=\"_blank\" rel=\"noopener noreferrer\">Teilnehmerrekord<\/a><\/td>\n<td style=\"height: 29px; text-align: left; width: 10.3972%;\">02.01.2018<\/td>\n<td style=\"height: 29px; text-align: left; width: 84.0662%;\">Schnell zu Fu\u00df an Silvester<\/td>\n<\/tr>\n<tr style=\"height: 29px;\">\n<td style=\"height: 29px; width: 0.757576%;\"><\/td>\n<td style=\"height: 29px; text-align: left; width: 49.8106%;\"><a href=\"https:\/\/www.vs-seubersdorf.de\/schulpage\/wp-content\/uploads\/2018\/01\/07_Adventsaktion_02.01.18.pdf\" target=\"_blank\" rel=\"noopener noreferrer\">Adventsaktion<\/a><\/td>\n<td style=\"height: 29px; text-align: left; width: 10.3972%;\">02.01.2018<\/td>\n<td style=\"height: 29px; text-align: left; width: 84.0662%;\">Teilnehmer spenden f\u00fcr F\u00f6rderverein<\/td>\n<\/tr>\n<tr style=\"height: 29px;\">\n<td style=\"height: 29px; width: 0.757576%;\"><\/td>\n<td style=\"height: 29px; text-align: left; width: 49.8106%;\"><a href=\"https:\/\/www.vs-seubersdorf.de\/schulpage\/wp-content\/uploads\/2018\/01\/2018.23_Jan.NMP-Belohnung-f\u00fcr-99-L\u00e4ufer.pdf\" target=\"_blank\" rel=\"noopener noreferrer\">Ehrung der Silvesterl\u00e4ufer<\/a><\/td>\n<td style=\"height: 29px; text-align: left; width: 10.3972%;\">23.01.2018<\/td>\n<td style=\"height: 29px; text-align: left; width: 84.0662%;\">Belohnung f\u00fcr 99\u00a0 L\u00e4ufer<\/td>\n<\/tr>\n<tr style=\"height: 29px;\">\n<td style=\"height: 29px; width: 0.757576%;\"><\/td>\n<td style=\"height: 29px; text-align: left; width: 49.8106%;\"><a href=\"https:\/\/www.vs-seubersdorf.de\/schulpage\/wp-content\/uploads\/2018\/02\/2018.02_Feb.NMP2_.pdf\" target=\"_blank\" rel=\"noopener noreferrer\">Portr\u00e4t unseres Konrektors<\/a><\/td>\n<td style=\"height: 29px; text-align: left; width: 10.3972%;\">02.02.2018<\/td>\n<td style=\"height: 29px; text-align: left; width: 84.0662%;\">Sein Herz schl\u00e4gt f\u00fcr den Sport<\/td>\n<\/tr>\n<tr style=\"height: 24px;\">\n<td style=\"width: 0.757576%; height: 24px;\"><\/td>\n<td style=\"width: 49.8106%; height: 24px;\"><a href=\"https:\/\/www.vs-seubersdorf.de\/schulpage\/wp-content\/uploads\/2018\/06\/Klasse-2000_20.06.2018.pdf\" target=\"_blank\" rel=\"noopener noreferrer\">Klasse 2000<\/a><\/td>\n<td style=\"text-align: left; width: 10.3972%; height: 24px;\">20.03.2018<\/td>\n<td style=\"text-align: left; width: 84.0662%; height: 24px;\">F\u00fcr gesunde und selbstbewusste Sch\u00fcler<\/td>\n<\/tr>\n<tr style=\"height: 29px;\">\n<td style=\"height: 29px; width: 0.757576%;\"><\/td>\n<td style=\"height: 29px; text-align: left; width: 49.8106%;\"><a href=\"https:\/\/www.vs-seubersdorf.de\/schulpage\/wp-content\/uploads\/2018\/03\/MZ-Artikel.pdf\">So leben Kinder in Syrien<\/a><\/td>\n<td style=\"height: 29px; text-align: left; width: 10.3972%;\">07.03.2018<\/td>\n<td style=\"height: 29px; text-align: left; width: 84.0662%;\">Gelungene Integration in Seubersdorf<\/td>\n<\/tr>\n<tr style=\"height: 29px;\">\n<td style=\"height: 29px; width: 0.757576%;\"><\/td>\n<td style=\"height: 29px; text-align: left; width: 49.8106%;\"><a href=\"https:\/\/www.vs-seubersdorf.de\/schulpage\/wp-content\/uploads\/2018\/05\/11_Bayernsport_Landessiegerehrung___Komprimierte.pdf\" target=\"_blank\" rel=\"noopener noreferrer\">Landessiegerehrung<\/a><\/td>\n<td style=\"height: 29px; text-align: left; width: 10.3972%;\">15.05.2018<\/td>\n<td style=\"height: 29px; text-align: left; width: 84.0662%;\">Viele strahlende Gesichter (Bayernsport)<\/td>\n<\/tr>\n<tr style=\"height: 29px;\">\n<td style=\"height: 29px; width: 0.757576%;\"><\/td>\n<td style=\"height: 29px; text-align: left; width: 49.8106%;\"><a href=\"https:\/\/www.vs-seubersdorf.de\/schulpage\/wp-content\/uploads\/2018\/05\/2018.16_Mai_Sportabzeichen.pdf\" target=\"_blank\" rel=\"noopener noreferrer\">Landessieger<\/a><\/td>\n<td style=\"height: 29px; text-align: left; width: 10.3972%;\">16.05.2018<\/td>\n<td style=\"height: 29px; text-align: left; width: 84.0662%;\">Sehr stolze Sieger in Seubersdorf<\/td>\n<\/tr>\n<tr style=\"height: 24px;\">\n<td style=\"width: 0.757576%; height: 24px;\"><\/td>\n<td style=\"text-align: left; width: 49.8106%; height: 24px;\"><a href=\"https:\/\/www.vs-seubersdorf.de\/schulpage\/wp-content\/uploads\/2018\/06\/12_Gr\u00fcne_Hand_18.08.18.pdf\">Umweltprojekt<\/a><\/td>\n<td style=\"text-align: left; width: 10.3972%; height: 24px;\">18.06.2018<\/td>\n<td style=\"text-align: left; width: 84.0662%; height: 24px;\">Sie haben die gr\u00fcne Hand<\/td>\n<\/tr>\n<tr style=\"height: 24px;\">\n<td style=\"width: 0.757576%; height: 24px;\"><\/td>\n<td style=\"text-align: left; width: 49.8106%; height: 24px;\"><a href=\"https:\/\/www.vs-seubersdorf.de\/schulpage\/wp-content\/uploads\/2018\/07\/altpapier.pdf\">Spende f\u00fcr Altpapiersammlung<\/a><\/td>\n<td style=\"text-align: left; width: 10.3972%; height: 24px;\">28.06.2018<\/td>\n<td style=\"text-align: left; width: 84.0662%; height: 24px;\">Sch\u00fcler machten flei\u00dfig Werbung<\/td>\n<\/tr>\n<tr style=\"height: 24px;\">\n<td style=\"width: 0.757576%; height: 24px;\"><\/td>\n<td style=\"text-align: left; width: 49.8106%; height: 24px;\"><a href=\"https:\/\/www.vs-seubersdorf.de\/schulpage\/wp-content\/uploads\/2018\/07\/2018.03_Jul.-Guter-Zweck-macht-Beine.NMP1_.pdf\" target=\"_blank\" rel=\"noopener noreferrer\">Spendenlauf<\/a><\/td>\n<td style=\"text-align: left; width: 10.3972%; height: 24px;\">03.07.2018<\/td>\n<td style=\"text-align: left; width: 84.0662%; height: 24px;\">Guter Zweck macht Beine<\/td>\n<\/tr>\n<tr style=\"height: 24px;\">\n<td style=\"width: 0.757576%; height: 24px;\"><\/td>\n<td style=\"text-align: left; width: 49.8106%; height: 24px;\"><a href=\"https:\/\/www.vs-seubersdorf.de\/schulpage\/wp-content\/uploads\/2018\/07\/Bezirkssiegerehrung.pdf\">Bezirkssiegerehrung<\/a><\/td>\n<td style=\"text-align: left; width: 10.3972%; height: 24px;\">15.07.2018<\/td>\n<td style=\"text-align: left; width: 84.0662%; height: 24px;\">Absolute Spitze in Bayern (Bayernsport)<\/td>\n<\/tr>\n<tr style=\"height: 24px;\">\n<td style=\"width: 0.757576%; height: 24px;\"><\/td>\n<td style=\"text-align: left; width: 49.8106%; height: 24px;\"><a href=\"https:\/\/www.vs-seubersdorf.de\/schulpage\/wp-content\/uploads\/2018\/07\/15_Bl\u00e4serklassentreffen_16.07.2018.pdf\">Bl\u00e4serklassentreffen<\/a><\/td>\n<td style=\"text-align: left; width: 10.3972%; height: 24px;\">17.07.2018<\/td>\n<td style=\"text-align: left; width: 84.0662%; height: 24px;\">Immer mehr Bl\u00e4serklassen<\/td>\n<\/tr>\n<tr style=\"height: 24px;\">\n<td style=\"width: 0.757576%; height: 24px;\"><\/td>\n<td style=\"text-align: left; width: 49.8106%; height: 24px;\"><a href=\"https:\/\/www.vs-seubersdorf.de\/schulpage\/wp-content\/uploads\/2018\/07\/16_M-10-Abschluss-20.07.2018.pdf\">Abschluss der M10<\/a><\/td>\n<td style=\"text-align: left; width: 10.3972%; height: 24px;\">20.07.2018<\/td>\n<td style=\"text-align: left; width: 84.0662%; height: 24px;\">Ein ganz besonderer Jahrgang<\/td>\n<\/tr>\n<tr style=\"height: 24px;\">\n<td style=\"width: 0.757576%; height: 24px;\"><\/td>\n<td style=\"text-align: left; width: 49.8106%; height: 24px;\"><a href=\"https:\/\/www.vs-seubersdorf.de\/schulpage\/wp-content\/uploads\/2018\/07\/Entlassfeier-9.-Klasse-20180721.MZ_.A.9278230.pdf\">Entlassfeier 9. Klasse<\/a><\/td>\n<td style=\"text-align: left; width: 10.3972%; height: 24px;\">21.07.2018<\/td>\n<td style=\"text-align: left; width: 84.0662%; height: 24px;\">Alle 16 Sch\u00fcler sind souver\u00e4n am Ziel<\/td>\n<\/tr>\n<tr style=\"height: 24px;\">\n<td style=\"width: 0.757576%; height: 24px;\"><\/td>\n<td style=\"text-align: left; width: 49.8106%; height: 24px;\"><a href=\"https:\/\/www.vs-seubersdorf.de\/schulpage\/wp-content\/uploads\/2018\/07\/Pensionierung-A.-Ellert.-20180727.MZ_.A.9285346.pdf\">Verabschiedung<\/a><\/td>\n<td style=\"text-align: left; width: 10.3972%; height: 24px;\">27.07.2018<\/td>\n<td style=\"text-align: left; width: 84.0662%; height: 24px;\">Anna Ellert in den Ruhestand verabschiedet<\/td>\n<\/tr>\n<tr style=\"height: 24px;\">\n<td style=\"width: 0.757576%; height: 24px;\"><\/td>\n<td style=\"text-align: left; width: 49.8106%; height: 24px;\"><a href=\"https:\/\/www.vs-seubersdorf.de\/schulpage\/wp-content\/uploads\/2018\/10\/20181018.neue-Leiterin-der-MB_MZ.A.9394394.pdf\" target=\"_blank\" rel=\"noopener noreferrer\">Neue Leiterin der Mittagsbetreuung<\/a><\/td>\n<td style=\"text-align: left; width: 10.3972%; height: 24px;\">18.10.2018<\/td>\n<td style=\"text-align: left; width: 84.0662%; height: 24px;\">Neue Stelle in der Gemeinde<\/td>\n<\/tr>\n<tr style=\"height: 24px;\">\n<td style=\"width: 0.757576%; height: 24px;\"><\/td>\n<td style=\"text-align: left; width: 49.8106%; height: 24px;\"><a href=\"https:\/\/www.vs-seubersdorf.de\/schulpage\/wp-content\/uploads\/2018\/10\/Spende\u00fcbergabe-bei-der-Sparkasse.pdf\" target=\"_blank\" rel=\"noopener noreferrer\">Spende\u00fcbergabe<\/a><\/td>\n<td style=\"text-align: left; width: 10.3972%; height: 24px;\">27.10.2018<\/td>\n<td style=\"text-align: left; width: 84.0662%; height: 24px;\">Sparkasse unterst\u00fctzt Schulen<\/td>\n<\/tr>\n<tr style=\"height: 24px;\">\n<td style=\"width: 0.757576%; height: 24px;\"><\/td>\n<td style=\"text-align: left; width: 49.8106%; height: 24px;\"><a href=\"https:\/\/www.vs-seubersdorf.de\/schulpage\/wp-content\/uploads\/2018\/11\/2018.31_Oct.JHV-F\u00f6rderverein-gro\u00df-setzenNMP1.pdf\" target=\"_blank\" rel=\"noopener noreferrer\">JHV des F\u00f6rdervereins<\/a><\/td>\n<td style=\"text-align: left; width: 10.3972%; height: 24px;\">31.10.2018<\/td>\n<td style=\"text-align: left; width: 84.0662%; height: 24px;\">Mitglieder und Mittel steigen<\/td>\n<\/tr>\n<tr style=\"height: 24px;\">\n<td style=\"width: 0.757576%; height: 24px;\"><\/td>\n<td style=\"text-align: left; width: 49.8106%; height: 24px;\"><a href=\"https:\/\/www.vs-seubersdorf.de\/schulpage\/wp-content\/uploads\/2018\/11\/2018.13_Nov.-100-Jahre-Freistaat-Bayern.pdf\" target=\"_blank\" rel=\"noopener noreferrer\">100 Jahre Freistaat<\/a><\/td>\n<td style=\"text-align: left; width: 10.3972%; height: 24px;\">13.11.2018<\/td>\n<td style=\"text-align: left; width: 84.0662%; height: 24px;\">Die GS und MS Seubersdorf feiert Bayern<\/td>\n<\/tr>\n<tr style=\"height: 24px;\">\n<td style=\"width: 0.757576%; height: 24px;\"><\/td>\n<td style=\"text-align: left; width: 49.8106%; height: 24px;\"><a href=\"https:\/\/www.vs-seubersdorf.de\/schulpage\/wp-content\/uploads\/2018\/11\/2018.13_Nov.-Boden-begreifen.pdf\" target=\"_blank\" rel=\"noopener noreferrer\">Projekt &#8222;Boden begreifen&#8220;<\/a><\/td>\n<td style=\"text-align: left; width: 10.3972%; height: 24px;\">13.11.2018<\/td>\n<td style=\"text-align: left; width: 84.0662%; height: 24px;\">So begreift man Boden<\/td>\n<\/tr>\n<tr style=\"height: 24px;\">\n<td style=\"width: 0.757576%; height: 24px;\"><\/td>\n<td style=\"text-align: left; width: 49.8106%; height: 24px;\">\n<div><a href=\"https:\/\/www.vs-seubersdorf.de\/schulpage\/wp-content\/uploads\/2018\/11\/05_Schwimmabzeichenwettbewerb_22.11.2018.pdf\" target=\"_blank\" rel=\"noopener noreferrer\">Schwimmabzeichenwettbewerb<\/a><\/div>\n<\/td>\n<td style=\"text-align: left; width: 10.3972%; height: 24px;\">22.11.2018<\/td>\n<td style=\"text-align: left; width: 84.0662%; height: 24px;\">Schule schwamm sich auf Platz 1 in Bayern<\/td>\n<\/tr>\n<tr style=\"height: 29px;\">\n<td style=\"width: 0.757576%; height: 29px;\"><\/td>\n<td style=\"text-align: left; width: 49.8106%; height: 29px;\"><a href=\"https:\/\/www.vs-seubersdorf.de\/schulpage\/wp-content\/uploads\/2019\/01\/06_Spende-des-F\u00f6rdervereins_22.12.2018.pdf\" target=\"_blank\" rel=\"noopener noreferrer\">B\u00fccherspende<\/a><\/td>\n<td style=\"text-align: left; width: 10.3972%; height: 29px;\">22.12.2018<\/td>\n<td style=\"text-align: left; width: 84.0662%; height: 29px;\">F\u00f6rderverein \u00fcberreichte 30 B\u00fccher<\/td>\n<\/tr>\n<tr style=\"height: 24px;\">\n<td style=\"width: 0.757576%; height: 24px;\"><\/td>\n<td style=\"text-align: left; width: 49.8106%; height: 24px;\"><a href=\"https:\/\/www.vs-seubersdorf.de\/schulpage\/wp-content\/uploads\/2019\/01\/07_Silvesterlauf_02.02.2019.pdf\" target=\"_blank\" rel=\"noopener noreferrer\">Silvesterlauf<\/a><\/td>\n<td style=\"text-align: left; width: 10.3972%; height: 24px;\">02.01.2019<\/td>\n<td style=\"text-align: left; width: 84.0662%; height: 24px;\">82 Sch\u00fclerinnen und Sch\u00fcler am Start<\/td>\n<\/tr>\n<tr style=\"height: 24px;\">\n<td style=\"width: 0.757576%; height: 24px;\"><\/td>\n<td style=\"text-align: left; width: 49.8106%; height: 24px;\"><a href=\"https:\/\/www.vs-seubersdorf.de\/schulpage\/wp-content\/uploads\/2019\/01\/08_Ehrung_Silvesterlauf_25.01.2019.pdf\" target=\"_blank\" rel=\"noopener noreferrer\">Siegerehrung<\/a><\/td>\n<td style=\"text-align: left; width: 10.3972%; height: 24px;\">25.01.2019<\/td>\n<td style=\"text-align: left; width: 84.0662%; height: 24px;\">Silvesterl\u00e4ufer in der Schule geehrt<\/td>\n<\/tr>\n<tr style=\"height: 24px;\">\n<td style=\"width: 0.757576%; height: 24px;\"><\/td>\n<td style=\"text-align: left; width: 49.8106%; height: 24px;\"><a href=\"https:\/\/www.vs-seubersdorf.de\/schulpage\/wp-content\/uploads\/2019\/03\/20190316.MZ_.A.Landesfinale-TT.pdf\" target=\"_blank\" rel=\"noopener noreferrer\">Landesfinale<\/a><\/td>\n<td style=\"text-align: left; width: 10.3972%; height: 24px;\">16.03.2019<\/td>\n<td style=\"text-align: left; width: 84.0662%; height: 24px;\">Landesfinale Tischtennis in Seubersdorf<\/td>\n<\/tr>\n<tr style=\"height: 24px;\">\n<td style=\"width: 0.757576%; height: 24px;\"><\/td>\n<td style=\"text-align: left; width: 49.8106%; height: 24px;\"><a href=\"https:\/\/www.vs-seubersdorf.de\/schulpage\/wp-content\/uploads\/2019\/04\/20190415.MZ_.A.9622799-1.Platz-Bandwettbewerb.pdf\" target=\"_blank\" rel=\"noopener noreferrer\">1.Platz bei Bandwettbewerb<\/a><\/td>\n<td style=\"text-align: left; width: 10.3972%; height: 24px;\">15.04.2019<\/td>\n<td style=\"text-align: left; width: 84.0662%; height: 24px;\">6. Klasse gewinnt Wettbewerb &#8222;rock.im puls&#8220;<\/td>\n<\/tr>\n<tr style=\"height: 24px;\">\n<td style=\"width: 0.757576%; height: 24px;\"><\/td>\n<td style=\"text-align: left; width: 49.8106%; height: 24px;\"><a href=\"https:\/\/www.vs-seubersdorf.de\/schulpage\/wp-content\/uploads\/2019\/07\/Bezirkssiegerehrung_Bayernsport_Juli19.pdf\" target=\"_blank\" rel=\"noopener noreferrer\">Sportabzeichenwettbewerb<\/a><\/td>\n<td style=\"text-align: left; width: 10.3972%; height: 24px;\">01.07.2019<\/td>\n<td style=\"text-align: left; width: 84.0662%; height: 24px;\">Mittelschule ist 2. Bezirkssieger<\/td>\n<\/tr>\n<tr style=\"height: 24px;\">\n<td style=\"width: 0.757576%; height: 24px;\"><\/td>\n<td style=\"width: 49.8106%; height: 24px;\"><a href=\"https:\/\/www.vs-seubersdorf.de\/schulpage\/wp-content\/uploads\/2019\/07\/Spendenlauf-2019.11_Jul.NMP2_.pdf\" target=\"_blank\" rel=\"noopener noreferrer\">Spendenlauf<\/a><\/td>\n<td style=\"width: 10.3972%; height: 24px;\">11.07.2019<\/td>\n<td style=\"text-align: left; width: 84.0662%; height: 24px;\">Lauf f\u00fcr eine Schule in Kenia<\/td>\n<\/tr>\n<tr style=\"height: 24px;\">\n<td style=\"width: 0.757576%; height: 24px;\"><\/td>\n<td style=\"text-align: left; width: 49.8106%; height: 24px;\"><a href=\"https:\/\/www.vs-seubersdorf.de\/schulpage\/wp-content\/uploads\/2019\/07\/13_Karl_Staudinger_sagt_Servus_19.07.2019.pdf\" target=\"_blank\" rel=\"noopener noreferrer\">Abschied<\/a><\/td>\n<td style=\"text-align: left; width: 10.3972%; height: 24px;\">19.07.2019<\/td>\n<td style=\"text-align: left; width: 84.0662%; height: 24px;\">Karl Staudinger sagt &#8222;Servus&#8220;<\/td>\n<\/tr>\n<tr style=\"height: 24px;\">\n<td style=\"width: 0.757576%; height: 24px;\"><\/td>\n<td style=\"text-align: left; width: 49.8106%; height: 24px;\"><a href=\"https:\/\/www.vs-seubersdorf.de\/schulpage\/wp-content\/uploads\/2019\/07\/14_Verabschiedung_24.07.2019.pdf\" target=\"_blank\" rel=\"noopener noreferrer\">Abschiedsfeier<\/a><\/td>\n<td style=\"text-align: left; width: 10.3972%; height: 24px;\">24.07.2019<\/td>\n<td style=\"text-align: left; width: 84.0662%; height: 24px;\">Karl Staudinger verl\u00e4sst seine Schule<\/td>\n<\/tr>\n<tr style=\"height: 24px;\">\n<td style=\"width: 0.757576%; height: 24px;\"><\/td>\n<td style=\"text-align: left; width: 49.8106%; height: 24px;\"><a href=\"https:\/\/www.vs-seubersdorf.de\/schulpage\/wp-content\/uploads\/2019\/07\/15_Abzeichen-Big-Band27.07.2019.NMP2_.pdf\" target=\"_blank\" rel=\"noopener noreferrer\">Auszeichnung der Big Band<\/a><\/td>\n<td style=\"text-align: left; width: 10.3972%; height: 24px;\">27.07.2019<\/td>\n<td style=\"text-align: left; width: 84.0662%; height: 24px;\">Verleihung von Abzeichen<\/td>\n<\/tr>\n<tr style=\"height: 24px;\">\n<td style=\"width: 0.757576%; height: 24px;\"><\/td>\n<td style=\"text-align: left; width: 49.8106%; height: 24px;\"><a href=\"https:\/\/www.vs-seubersdorf.de\/schulpage\/wp-content\/uploads\/2019\/09\/2019.10_Sep.NMP1_.pdf\" target=\"_blank\" rel=\"noopener noreferrer\">Neue Schulleitung<\/a><\/td>\n<td style=\"text-align: left; width: 10.3972%; height: 24px;\">10.09.2019<\/td>\n<td style=\"text-align: left; width: 84.0662%; height: 24px;\">Markus Eigenstetter neuer Rektor<\/td>\n<\/tr>\n<tr style=\"height: 24px;\">\n<td style=\"width: 0.757576%; height: 24px;\"><\/td>\n<td style=\"text-align: left; width: 49.8106%; height: 24px;\"><a href=\"https:\/\/www.vs-seubersdorf.de\/schulpage\/wp-content\/uploads\/2020\/02\/02_Amtseinf\u00fchrung-Schulleitung_14.10.2019.pdf\" target=\"_blank\" rel=\"noopener noreferrer\">Amtseinf\u00fchrung<\/a><\/td>\n<td style=\"text-align: left; width: 10.3972%; height: 24px;\">14.10.2019<\/td>\n<td style=\"width: 84.0662%; height: 24px;\">Ein positives Rektorenpaar<\/td>\n<\/tr>\n<tr style=\"height: 24px;\">\n<td style=\"width: 0.757576%; height: 24px;\"><\/td>\n<td style=\"text-align: left; width: 49.8106%; height: 24px;\"><a href=\"https:\/\/www.vs-seubersdorf.de\/schulpage\/wp-content\/uploads\/2019\/10\/2019-10-15-Spenden\u00fcbergabe-Sparkasse.pdf\" target=\"_blank\" rel=\"noopener noreferrer\">Spende der Sparkasse<\/a><\/td>\n<td style=\"text-align: left; width: 10.3972%; height: 24px;\">20.10.2019<\/td>\n<td style=\"width: 84.0662%; height: 24px;\">Sparkasse spendet an Schulen<\/td>\n<\/tr>\n<tr style=\"height: 24px;\">\n<td style=\"width: 0.757576%; height: 24px;\"><\/td>\n<td style=\"text-align: left; width: 49.8106%; height: 24px;\"><a href=\"https:\/\/www.vs-seubersdorf.de\/schulpage\/wp-content\/uploads\/2020\/01\/04_Silvesterlauf_02.02.2020.pdf\" target=\"_blank\" rel=\"noopener noreferrer\">Silvesterlauf<\/a><\/td>\n<td style=\"text-align: left; width: 10.3972%; height: 24px;\">02.02.2020<\/td>\n<td style=\"width: 84.0662%; height: 24px;\">Silvesterlauf der Rekorde<\/td>\n<\/tr>\n<tr style=\"height: 24px;\">\n<td style=\"width: 0.757576%; height: 24px;\"><\/td>\n<td style=\"text-align: left; width: 49.8106%; height: 24px;\"><a href=\"https:\/\/www.vs-seubersdorf.de\/schulpage\/wp-content\/uploads\/2020\/01\/05_Siegerehrung-Silvesterlauf.pdf\">Ehrung der Silvesterl\u00e4ufer<\/a><\/td>\n<td style=\"text-align: left; width: 10.3972%; height: 24px;\">21.01.2020<\/td>\n<td style=\"width: 84.0662%; height: 24px;\">91 Sch\u00fcler holten Pokale und Urkunden<\/td>\n<\/tr>\n<tr style=\"height: 24px;\">\n<td style=\"width: 0.757576%; height: 24px;\"><\/td>\n<td style=\"text-align: left; width: 49.8106%; height: 24px;\"><a href=\"https:\/\/www.vs-seubersdorf.de\/schulpage\/wp-content\/uploads\/2020\/02\/2020-02-12-Spenden\u00fcbergabe_Lionsclub.pdf\" target=\"_blank\" rel=\"noopener noreferrer\">Spenden f\u00fcr &#8222;klicksalat&#8220;<\/a><\/td>\n<td style=\"text-align: left; width: 10.3972%; height: 24px;\">12.02.2020<\/td>\n<td style=\"width: 84.0662%; height: 24px;\">Gro\u00dfz\u00fcgige Spenden f\u00fcr &#8222;Medienerziehung&#8220;<\/td>\n<\/tr>\n<tr style=\"height: 24px;\">\n<td style=\"width: 0.757576%; height: 24px;\"><\/td>\n<td style=\"text-align: left; width: 49.8106%; height: 24px;\"><a href=\"https:\/\/www.vs-seubersdorf.de\/schulpage\/wp-content\/uploads\/2020\/07\/07_Spenden\u00fcbergabe-Strahlende-Kinderaugen_08.07.2020.pdf\" target=\"_blank\" rel=\"noopener noreferrer\">Spendenlauf-Challenge zuhause<\/a><\/td>\n<td style=\"text-align: left; width: 10.3972%; height: 24px;\">08.07.2020<\/td>\n<td style=\"width: 84.0662%; height: 24px;\">1222 Euro f\u00fcr Kinder in Kenia erlaufen<\/td>\n<\/tr>\n<tr style=\"height: 24px;\">\n<td style=\"width: 0.757576%; height: 24px;\"><\/td>\n<td style=\"text-align: left; width: 49.8106%; height: 24px;\"><a href=\"https:\/\/www.vs-seubersdorf.de\/schulpage\/wp-content\/uploads\/2020\/09\/Neue-Moebel_16.09.2020.pdf\" target=\"_blank\" rel=\"noopener noreferrer\">Neue M\u00f6blierung der Grundschule<\/a><\/td>\n<td style=\"text-align: left; width: 10.3972%; height: 24px;\">16.09.2020<\/td>\n<td style=\"width: 84.0662%; height: 24px;\">Neue M\u00f6bel im Wert von 80000 Euro<\/td>\n<\/tr>\n<tr style=\"height: 24px;\">\n<td style=\"width: 0.757576%; height: 24px;\"><\/td>\n<td style=\"text-align: left; width: 49.8106%; height: 24px;\"><a href=\"https:\/\/www.vs-seubersdorf.de\/schulpage\/wp-content\/uploads\/2020\/11\/Offener-Ganztag_26.11.2020.pdf\" target=\"_blank\" rel=\"noopener noreferrer\">Offene Ganztagsschule<\/a><\/td>\n<td style=\"text-align: left; width: 10.3972%; height: 24px;\">26.11.2020<\/td>\n<td style=\"width: 84.0662%; height: 24px;\">Eine Schule zum Wohlf\u00fchlen<\/td>\n<\/tr>\n<tr style=\"height: 24px;\">\n<td style=\"width: 0.757576%; height: 24px;\"><\/td>\n<td style=\"text-align: left; width: 49.8106%; height: 24px;\"><a href=\"https:\/\/www.vs-seubersdorf.de\/schulpage\/wp-content\/uploads\/2021\/01\/Alternativer-Silvesterlauf_29.12.2020.pdf\" target=\"_blank\" rel=\"noopener noreferrer\">Alternativer Silvesterlauf f\u00fcr guten Zweck<\/a><\/td>\n<td style=\"text-align: left; width: 10.3972%; height: 24px;\">30.12.2020<\/td>\n<td style=\"width: 84.0662%; height: 24px;\">Silvesterlauf sammelt Geld<\/td>\n<\/tr>\n<tr style=\"height: 24px;\">\n<td style=\"width: 0.757576%; height: 24px;\"><\/td>\n<td style=\"text-align: left; width: 49.8106%; height: 24px;\"><a href=\"https:\/\/www.vs-seubersdorf.de\/schulpage\/wp-content\/uploads\/2021\/01\/Fuer-den-guten-Zweck-liefen-alle-mit_04.02.2020.pdf\" target=\"_blank\" rel=\"noopener noreferrer\">F\u00fcr den guten Zweck liefen alle<\/a><\/td>\n<td style=\"text-align: left; width: 10.3972%; height: 24px;\">04.01.2021<\/td>\n<td style=\"width: 84.0662%; height: 24px;\">Silvesterlauf 2020<\/td>\n<\/tr>\n<tr style=\"height: 24px;\">\n<td style=\"width: 0.757576%; height: 24px;\"><\/td>\n<td style=\"width: 49.8106%; height: 24px;\"><a href=\"https:\/\/www.vs-seubersdorf.de\/schulpage\/wp-content\/uploads\/2021\/01\/Silvesterlauf-2020-1.pdf\" target=\"_blank\" rel=\"noopener noreferrer\">Silvesterlauf f\u00fcr Kinder in Kenia<\/a><\/td>\n<td style=\"text-align: left; width: 10.3972%; height: 24px;\">05.01.2021<\/td>\n<td style=\"width: 84.0662%; height: 24px;\">F\u00fcr eine guten Zweck laufen<\/td>\n<\/tr>\n<tr style=\"height: 24px;\">\n<td style=\"width: 0.757576%; height: 24px;\"><\/td>\n<td style=\"width: 49.8106%; height: 24px;\"><a href=\"https:\/\/www.vs-seubersdorf.de\/schulpage\/wp-content\/uploads\/2021\/04\/OGTS-versuesst-den-Alltag_29.03.2021.pdf\" target=\"_blank\" rel=\"noopener\">\u00dcberraschungspaket f\u00fcr die die Kinder der OGTS<\/a><\/td>\n<td style=\"text-align: left; width: 10.3972%; height: 24px;\">29.03.2021<\/td>\n<td style=\"width: 84.0662%; height: 24px;\">OGTS vers\u00fc\u00dft die Osterferien<\/td>\n<\/tr>\n<tr style=\"height: 24px;\">\n<td style=\"width: 0.757576%; height: 24px;\"><\/td>\n<td style=\"width: 49.8106%; height: 24px;\"><a href=\"https:\/\/www.vs-seubersdorf.de\/schulpage\/wp-content\/uploads\/2021\/05\/Klasse2000_06.05.2021.pdf\">AOK sponsert Klasse 2000-Projekt<\/a><\/td>\n<td style=\"text-align: left; width: 10.3972%; height: 24px;\">05.05.2021<\/td>\n<td style=\"width: 84.0662%; height: 24px;\">Pr\u00e4ventionsprojekt beginnt f\u00fcr die Erstkl\u00e4ssler<\/td>\n<\/tr>\n<tr style=\"height: 24px;\">\n<td style=\"width: 0.757576%; height: 24px;\"><\/td>\n<td style=\"width: 49.8106%; height: 24px;\"><a href=\"https:\/\/www.vs-seubersdorf.de\/schulpage\/wp-content\/uploads\/2021\/06\/Ein-Lernangebot-in-den-Ferien_20.06.2021.pdf\" target=\"_blank\" rel=\"noopener\">Ein Lernangebot in den Ferien<\/a><\/td>\n<td style=\"text-align: left; width: 10.3972%; height: 24px;\">20.06.2021<\/td>\n<td style=\"width: 84.0662%; height: 24px;\">Seuberdorfer Sommer Spezial<\/td>\n<\/tr>\n<tr style=\"height: 24px;\">\n<td style=\"width: 0.757576%; height: 24px;\"><\/td>\n<td style=\"width: 49.8106%; height: 24px;\"><a href=\"https:\/\/www.vs-seubersdorf.de\/schulpage\/wp-content\/uploads\/2021\/08\/Entlassung-der-10.-Klassen.pdf\" target=\"_blank\" rel=\"noopener\">Entlassung der 10. Klassen<\/a><\/td>\n<td style=\"text-align: left; width: 10.3972%; height: 24px;\">30.07.2021<\/td>\n<td style=\"width: 84.0662%; height: 24px;\">Das Zeugnis als &#8222;Reisedokument&#8220;<\/td>\n<\/tr>\n<tr style=\"height: 24px;\">\n<td style=\"width: 0.757576%; height: 24px;\"><\/td>\n<td style=\"width: 49.8106%; height: 24px;\"><a href=\"https:\/\/www.vs-seubersdorf.de\/schulpage\/wp-content\/uploads\/2021\/08\/Entlassung-der-9.-Klasse_30.07.2021.pdf\" target=\"_blank\" rel=\"noopener\">Entlassung der 9. Klasse<\/a><\/td>\n<td style=\"text-align: left; width: 10.3972%; height: 24px;\">30.07.2021<\/td>\n<td style=\"width: 84.0662%; height: 24px;\">Ein wichtiges Etappenziel erreicht.<\/td>\n<\/tr>\n<tr style=\"height: 24px;\">\n<td style=\"width: 0.757576%; height: 24px;\"><\/td>\n<td style=\"width: 49.8106%; height: 24px;\"><a href=\"https:\/\/www.vs-seubersdorf.de\/schulpage\/wp-content\/uploads\/2021\/08\/Juniorabzeichen-fuer-Blaeser_31.07.2021.pdf\" target=\"_blank\" rel=\"noopener\">Juniorabzeichen f\u00fcr Bl\u00e4ser<\/a><\/td>\n<td style=\"text-align: left; width: 10.3972%; height: 24px;\">31.07.2021<\/td>\n<td style=\"width: 84.0662%; height: 24px;\">Musikabzeichen verliehen<\/td>\n<\/tr>\n<tr style=\"height: 24px;\">\n<td style=\"width: 0.757576%; height: 24px;\"><\/td>\n<td style=\"width: 49.8106%; height: 24px;\"><a href=\"https:\/\/www.vs-seubersdorf.de\/schulpage\/wp-content\/uploads\/2021\/08\/Verabschiedung-in-den-Ruhestand_31.07.2021.pdf\" target=\"_blank\" rel=\"noopener\">Verabschiedung<\/a><\/td>\n<td style=\"text-align: left; width: 10.3972%; height: 24px;\">31.07.2021<\/td>\n<td style=\"width: 84.0662%; height: 24px;\">Zwei Lehrkr\u00e4fte in den Ruhestand verabschiedet<\/td>\n<\/tr>\n<tr style=\"height: 24px;\">\n<td style=\"width: 0.757576%; height: 24px;\"><\/td>\n<td style=\"width: 49.8106%; height: 24px;\"><a href=\"https:\/\/www.vs-seubersdorf.de\/schulpage\/wp-content\/uploads\/2021\/08\/20210802.MZ_.A.10317946.pdf\" target=\"_blank\" rel=\"noopener\">Stolze Summe beim Spendenlauf erzielt<\/a><\/td>\n<td style=\"text-align: left; width: 10.3972%; height: 24px;\">02.08.2021<\/td>\n<td style=\"width: 84.0662%; height: 24px;\">Seubersdorfer helfen Kenia<\/td>\n<\/tr>\n<tr style=\"height: 24px;\">\n<td style=\"width: 0.757576%; height: 24px;\"><\/td>\n<td style=\"width: 49.8106%; height: 24px;\"><a href=\"https:\/\/www.vs-seubersdorf.de\/schulpage\/wp-content\/uploads\/2021\/12\/20211201.MZ_.A.10408335.pdf\" target=\"_blank\" rel=\"noopener\">OGV \u00fcbergibt 500 Euro<\/a><\/td>\n<td style=\"text-align: left; width: 10.3972%; height: 24px;\">01.12.2021<\/td>\n<td style=\"width: 84.0662%; height: 24px;\">Spende des Obst- und Gartenbauvereins<\/td>\n<\/tr>\n<tr style=\"height: 24px;\">\n<td style=\"width: 0.757576%; height: 24px;\"><\/td>\n<td style=\"width: 49.8106%; height: 24px;\"><a href=\"https:\/\/www.vs-seubersdorf.de\/schulpage\/wp-content\/uploads\/2022\/01\/20211230.MZ_.A.10426363.pdf\" target=\"_blank\" rel=\"noopener\">Alternativer Silvesterlauf<\/a><\/td>\n<td style=\"text-align: left; width: 10.3972%; height: 24px;\">30.12.2021<\/td>\n<td style=\"width: 84.0662%; height: 24px;\">Virtueller Silvesterlauf in Seubersdorf<\/td>\n<\/tr>\n<tr style=\"height: 24px;\">\n<td style=\"width: 0.757576%; height: 24px;\"><\/td>\n<td style=\"width: 49.8106%; height: 24px;\"><a href=\"https:\/\/www.vs-seubersdorf.de\/schulpage\/wp-content\/uploads\/2022\/01\/20220113.MZ_.A.10431675.pdf\" target=\"_blank\" rel=\"noopener\">Silvesterlauf 2022<\/a><\/td>\n<td style=\"text-align: left; width: 10.3972%; height: 24px;\">13.01.2022<\/td>\n<td style=\"width: 84.0662%; height: 24px;\">Ein Lauf der etwas anderen Art<\/td>\n<\/tr>\n<tr style=\"height: 24px;\">\n<td style=\"width: 0.757576%; height: 24px;\"><\/td>\n<td style=\"width: 49.8106%; height: 24px;\"><a href=\"https:\/\/www.vs-seubersdorf.de\/schulpage\/wp-content\/uploads\/2022\/01\/20220125.MZ_.A.10439852.pdf\" target=\"_blank\" rel=\"noopener\">Luftfilter f\u00fcr die Klassenr\u00e4ume<\/a><\/td>\n<td style=\"text-align: left; width: 10.3972%; height: 24px;\">25.01.2022<\/td>\n<td style=\"width: 84.0662%; height: 24px;\">Saubere Luft f\u00fcr Seubersdorfs Sch\u00fcler<\/td>\n<\/tr>\n<tr style=\"height: 24px;\">\n<td style=\"width: 0.757576%; height: 24px;\"><\/td>\n<td style=\"width: 49.8106%; height: 24px;\"><a href=\"https:\/\/www.vs-seubersdorf.de\/schulpage\/wp-content\/uploads\/2022\/01\/20220129.MZ_.A.10442917.pdf\" target=\"_blank\" rel=\"noopener\">Spenden\u00fcbergabe<\/a><\/td>\n<td style=\"text-align: left; width: 10.3972%; height: 24px;\">30.01.2022<\/td>\n<td style=\"width: 84.0662%; height: 24px;\">Erl\u00f6s des Silvesterlaufs: 4197 Euro<\/td>\n<\/tr>\n<tr style=\"height: 24px;\">\n<td style=\"width: 0.757576%; height: 24px;\"><\/td>\n<td style=\"width: 49.8106%; height: 24px;\"><a href=\"https:\/\/www.vs-seubersdorf.de\/schulpage\/wp-content\/uploads\/2022\/07\/Lauf-Challenge-2022.pdf\" target=\"_blank\" rel=\"noopener\">Lauf-Challenge 2022<\/a><\/td>\n<td style=\"text-align: left; width: 10.3972%; height: 24px;\">07.07.2022<\/td>\n<td style=\"width: 84.0662%; height: 24px;\">Sch\u00fcler laufen f\u00fcr guten Zweck<\/td>\n<\/tr>\n<tr style=\"height: 24px;\">\n<td style=\"width: 0.757576%; height: 24px;\"><\/td>\n<td style=\"width: 49.8106%; height: 24px;\"><a href=\"https:\/\/www.vs-seubersdorf.de\/schulpage\/wp-content\/uploads\/2022\/07\/18.07.22_Auszeichnung-fuer-junge-Musiker.pdf\" target=\"_blank\" rel=\"noopener\">Sommerserenade der Bl\u00e4ser und der klasse.im.puls<\/a><\/td>\n<td style=\"text-align: left; width: 10.3972%; height: 24px;\">18.07.2022<\/td>\n<td style=\"width: 84.0662%; height: 24px;\">Auszeichnung f\u00fcr junge Musiker<\/td>\n<\/tr>\n<tr style=\"height: 24px;\">\n<td style=\"width: 0.757576%; height: 24px;\"><\/td>\n<td style=\"width: 49.8106%; height: 24px;\"><a href=\"https:\/\/www.vs-seubersdorf.de\/schulpage\/wp-content\/uploads\/2022\/08\/01.08.2022_Spendeuebergabe.pdf\" target=\"_blank\" rel=\"noopener\">Spenden\u00fcbergabe<\/a><\/td>\n<td style=\"text-align: left; width: 10.3972%; height: 24px;\">01.08.2022<\/td>\n<td style=\"width: 84.0662%; height: 24px;\">Sch\u00fcler spenden \u00fcber 6000 Euro aus Lauf<\/td>\n<\/tr>\n<tr style=\"height: 24px;\">\n<td style=\"width: 0.757576%; height: 24px;\"><\/td>\n<td style=\"width: 49.8106%; height: 24px;\"><a href=\"https:\/\/www.vs-seubersdorf.de\/schulpage\/wp-content\/uploads\/2022\/09\/Fassade-in-neuem-Glanz_29.08.2022.pdf\" target=\"_blank\" rel=\"noopener\">Neuer Anstrich f\u00fcr das Schulhaus<\/a><\/td>\n<td style=\"width: 10.3972%; height: 24px;\">29.08.2022<\/td>\n<td style=\"width: 84.0662%; height: 24px;\">Fassade erstrahlt in neuem Glanz<\/td>\n<\/tr>\n<tr style=\"height: 24px;\">\n<td style=\"width: 0.757576%; height: 24px;\"><\/td>\n<td style=\"width: 49.8106%; height: 24px;\"><a href=\"https:\/\/www.vs-seubersdorf.de\/schulpage\/wp-content\/uploads\/2022\/09\/Schuelerbefoerderung-ist-gesichert.pdf\" target=\"_blank\" rel=\"noopener\">Neues Busunternehmen f\u00fcr die Sch\u00fclerberf\u00f6rderung<\/a><\/td>\n<td style=\"text-align: left; width: 10.3972%; height: 24px;\">07.09.2022<\/td>\n<td style=\"width: 84.0662%; height: 24px;\">Sch\u00fclerbef\u00f6rderung ist gesichert<\/td>\n<\/tr>\n<tr style=\"height: 24px;\">\n<td style=\"width: 0.757576%; height: 24px;\"><\/td>\n<td style=\"width: 49.8106%; height: 24px;\"><a href=\"https:\/\/www.vs-seubersdorf.de\/schulpage\/wp-content\/uploads\/2022\/12\/Jubilaueumslauf-in-den-Startloechern.pdf\" target=\"_blank\" rel=\"noopener\">Training f\u00fcr Silvesterlauf<\/a><\/td>\n<td style=\"text-align: left; width: 10.3972%; height: 24px;\">17.12.2022<\/td>\n<td style=\"width: 84.0662%; height: 24px;\">Jubil\u00e4umslauf in den Startl\u00f6chern<\/td>\n<\/tr>\n<tr style=\"height: 24px;\">\n<td style=\"width: 0.757576%; height: 24px;\"><\/td>\n<td style=\"width: 49.8106%; height: 24px;\"><a href=\"https:\/\/www.vs-seubersdorf.de\/schulpage\/wp-content\/uploads\/2023\/01\/Ein-Silvesterlauf-der-Superlative.pdf\">Rekordbeteiligung am Silvesterlauf 2022<\/a><\/td>\n<td style=\"text-align: left; width: 10.3972%; height: 24px;\">02.01.2023<\/td>\n<td style=\"width: 84.0662%; height: 24px;\">Silvesterlauf der Superlative<\/td>\n<\/tr>\n<tr style=\"height: 24px;\">\n<td style=\"width: 0.757576%; height: 24px;\"><\/td>\n<td style=\"width: 49.8106%; height: 24px;\"><a href=\"https:\/\/www.vs-seubersdorf.de\/schulpage\/wp-content\/uploads\/2023\/01\/Schueler-mit-Pokalen-und-Urkunden-ausgezeichnet_18.01.2023.pdf\" target=\"_blank\" rel=\"noopener\">Sch\u00fcler mit Pokalen und Urkunden ausgezeichnet<\/a><\/td>\n<td style=\"text-align: left; width: 10.3972%; height: 24px;\">18.01.2023<\/td>\n<td style=\"width: 84.0662%; height: 24px;\">Ehrung der Silvesterl\u00e4ufer in der Schule<\/td>\n<\/tr>\n<tr style=\"height: 24px;\">\n<td style=\"width: 0.757576%; height: 24px;\"><\/td>\n<td style=\"width: 49.8106%; height: 24px;\"><a href=\"https:\/\/www.vs-seubersdorf.de\/schulpage\/wp-content\/uploads\/2023\/01\/Festakt-fuer-das-neue-Trio-im-Schulamt-18.01.20213.pdf\" target=\"_blank\" rel=\"noopener\">Festakt f\u00fcr das neue Trio im Schulamt<\/a><\/td>\n<td style=\"text-align: left; width: 10.3972%; height: 24px;\">18.01.2023<\/td>\n<td style=\"width: 84.0662%; height: 24px;\">Seuberdorfer Sch\u00fcler gestalten Festakt musikalisch<\/td>\n<\/tr>\n<tr style=\"height: 24px;\">\n<td style=\"width: 0.757576%; height: 24px;\"><\/td>\n<td style=\"width: 49.8106%; height: 24px;\"><a href=\"https:\/\/www.vs-seubersdorf.de\/schulpage\/wp-content\/uploads\/2023\/02\/Sport-hat-grossen-Stellenwert_neumarkter-tagblatt-07-02-2023.pdf\" target=\"_blank\" rel=\"noopener\">Sport hat grossen Stellenwert<\/a><\/td>\n<td style=\"text-align: left; width: 10.3972%; height: 24px;\">07.02.2023<\/td>\n<td style=\"width: 84.0662%; height: 24px;\">Sport hat hohen Stellenwert<\/td>\n<\/tr>\n<tr style=\"height: 24px;\">\n<td style=\"width: 0.757576%; height: 24px;\"><\/td>\n<td style=\"width: 49.8106%; height: 24px;\"><a href=\"https:\/\/www.vs-seubersdorf.de\/schulpage\/wp-content\/uploads\/2023\/05\/Wie-den-Aermsten-geholfen-werden-kann_10.05.2023.pdf\">Schulleiter aus Kenia zu Besuch<\/a><\/td>\n<td style=\"text-align: left; width: 10.3972%; height: 24px;\">10.05.2023<\/td>\n<td style=\"width: 84.0662%; height: 24px;\">Wie den \u00c4rmsten geholfen werden kann<\/td>\n<\/tr>\n<tr style=\"height: 24px;\">\n<td style=\"width: 0.757576%; height: 24px;\"><\/td>\n<td style=\"width: 49.8106%; height: 24px;\"><a href=\"https:\/\/www.vs-seubersdorf.de\/schulpage\/wp-content\/uploads\/2023\/06\/Fuer-guten-Zweck-geschwitzt_25.05.2023.pdf\">6. Seubersdorfer Lauf-Challenge<\/a><\/td>\n<td style=\"text-align: left; width: 10.3972%; height: 24px;\">25.05.2023<\/td>\n<td style=\"width: 84.0662%; height: 24px;\">F\u00fcr guten Zweck geschwitzt<\/td>\n<\/tr>\n<tr style=\"height: 24px;\">\n<td style=\"width: 0.757576%; height: 24px;\"><\/td>\n<td style=\"width: 49.8106%; height: 24px;\"><a href=\"https:\/\/www.vs-seubersdorf.de\/schulpage\/wp-content\/uploads\/2023\/06\/Noch-mehr-Kinder-sollen-digital-lernen_29-06-2023.pdf\" target=\"_blank\" rel=\"noopener\">Pilotprojekt &#8222;Digitale Schule&#8220;<\/a><\/td>\n<td style=\"text-align: left; width: 10.3972%; height: 24px;\">26.06.2023<\/td>\n<td style=\"width: 84.0662%; height: 24px;\">Noch mehr Kinder sollen digital lernen<\/td>\n<\/tr>\n<tr style=\"height: 24px;\">\n<td style=\"width: 0.757576%; height: 24px;\"><\/td>\n<td style=\"width: 49.8106%; height: 24px;\"><a href=\"https:\/\/www.vs-seubersdorf.de\/schulpage\/wp-content\/uploads\/2023\/07\/4034_Euro_gespendet_11.07.2023.pdf\">Spenden\u00fcbergabe am Schulfest<\/a><\/td>\n<td style=\"text-align: left; width: 10.3972%; height: 24px;\">11.07.2023<\/td>\n<td style=\"width: 84.0662%; height: 24px;\">4034 Euro f\u00fcr Kenia gespendet<\/td>\n<\/tr>\n<tr style=\"height: 24px;\">\n<td style=\"width: 0.757576%; height: 24px;\"><\/td>\n<td style=\"width: 49.8106%; height: 24px;\"><a href=\"https:\/\/www.vs-seubersdorf.de\/schulpage\/wp-content\/uploads\/2024\/01\/Silvesterlauf-2023_Querformat.pdf\">120 Sch\u00fcler nahmen am Silvesterlauf teil<\/a><\/td>\n<td style=\"text-align: left; width: 10.3972%; height: 24px;\">02.01.2024<\/td>\n<td style=\"width: 84.0662%; height: 24px;\">765 Finisher beim Seubersdorfer Silvesterlauf<\/td>\n<\/tr>\n<tr style=\"height: 24px;\">\n<td style=\"width: 0.757576%; height: 24px;\"><\/td>\n<td style=\"width: 49.8106%; height: 24px;\"><a href=\"https:\/\/www.vs-seubersdorf.de\/schulpage\/wp-content\/uploads\/2024\/03\/Musikbegeisterte-Grundschule_14.03.2024.pdf\">Zertifizierung zur &#8222;Musikbegeisterte Grundschule&#8220;<\/a><\/td>\n<td style=\"text-align: left; width: 10.3972%; height: 24px;\">14.03.2024<\/td>\n<td style=\"width: 84.0662%; height: 24px;\">Musik geh\u00f6rt zum Schulalltag<\/td>\n<\/tr>\n<tr style=\"height: 24px;\">\n<td style=\"width: 0.757576%; height: 24px;\"><\/td>\n<td style=\"width: 49.8106%; height: 24px;\"><a href=\"https:\/\/www.vs-seubersdorf.de\/schulpage\/wp-content\/uploads\/2024\/04\/Finanzbildung_28.03.2024.pdf\">Finanzbildung f\u00fcr die 10. Klassen<\/a><\/td>\n<td style=\"text-align: left; width: 10.3972%; height: 24px;\">28.03.2024<\/td>\n<td style=\"width: 84.0662%; height: 24px;\">Wie gehe ich mit Geld um?<\/td>\n<\/tr>\n<tr style=\"height: 24px;\">\n<td style=\"width: 0.757576%; height: 24px;\"><\/td>\n<td style=\"width: 49.8106%; height: 24px;\"><a href=\"https:\/\/www.vs-seubersdorf.de\/schulpage\/wp-content\/uploads\/2024\/05\/Musischer_Abend_03.05.2024.pdf\" target=\"_blank\" rel=\"noopener\">Musisch-k\u00fcnstlerischer Abend<\/a><\/td>\n<td style=\"text-align: left; width: 10.3972%; height: 24px;\">03.05.2024<\/td>\n<td style=\"width: 84.0662%; height: 24px;\">Sch\u00fcler musizierten<\/td>\n<\/tr>\n<tr style=\"height: 24px;\">\n<td style=\"width: 0.757576%; height: 24px;\"><\/td>\n<td style=\"width: 49.8106%; height: 24px;\"><a href=\"https:\/\/www.vs-seubersdorf.de\/schulpage\/wp-content\/uploads\/2024\/07\/Umweltpreis_02.07.2024.pdf\" target=\"_blank\" rel=\"noopener\">Umweltpreis f\u00fcr die Grund-und Mittelschule Seubersdorf<\/a><\/td>\n<td style=\"text-align: left; width: 10.3972%; height: 24px;\">02.07.2024<\/td>\n<td style=\"width: 84.0662%; height: 24px;\">Schulkinder engagieren sich f\u00fcr die Natur<\/td>\n<\/tr>\n<tr style=\"height: 24px;\">\n<td style=\"width: 0.757576%; height: 24px;\"><\/td>\n<td style=\"width: 49.8106%; height: 24px;\"><a href=\"https:\/\/www.vs-seubersdorf.de\/schulpage\/wp-content\/uploads\/2024\/08\/Uebergabe-Abzeichen-BlaeKla_24.07.2024.pdf\" target=\"_blank\" rel=\"noopener\">Juniorabzeichen f\u00fcr erfolgreicher Bl\u00e4ser<\/a><\/td>\n<td style=\"text-align: left; width: 10.3972%; height: 24px;\">24.07.2024<\/td>\n<td style=\"width: 84.0662%; height: 24px;\">Junge Musiker wurden ausgezeichnet<\/td>\n<\/tr>\n<tr style=\"height: 48px;\">\n<td style=\"width: 0.757576%; height: 48px;\"><\/td>\n<td style=\"width: 49.8106%; height: 48px;\"><a href=\"https:\/\/www.vs-seubersdorf.de\/schulpage\/wp-content\/uploads\/2024\/08\/Spendenuebergabe_Strahlende-Kinderaugen_25.07.2024.pdf\" target=\"_blank\" rel=\"noopener\">Spenden\u00fcbergabe an &#8222;Strahlende Kinderaugen&#8220;<\/a><\/td>\n<td style=\"text-align: left; width: 10.3972%; height: 48px;\">24.07.2024<\/td>\n<td style=\"width: 84.0662%; height: 48px;\">Seubersdorfer Schulkinder liefen f\u00fcr Waisenhaus in Kenia<\/td>\n<\/tr>\n<tr style=\"height: 24px;\">\n<td style=\"width: 0.757576%; height: 24px;\"><\/td>\n<td style=\"width: 49.8106%; height: 24px;\"><a href=\"https:\/\/www.vs-seubersdorf.de\/schulpage\/wp-content\/uploads\/2024\/08\/Musikalisches-Maerchen_24.07.2024.pdf\" target=\"_blank\" rel=\"noopener\">Musikalisches M\u00e4rchen<\/a><\/td>\n<td style=\"text-align: left; width: 10.3972%; height: 24px;\">25.07.2024<\/td>\n<td style=\"width: 84.0662%; height: 24px;\">Sch\u00fcler luden ein ins Wunderdorf<\/td>\n<\/tr>\n<tr style=\"height: 24px;\">\n<td style=\"width: 0.757576%; height: 24px;\"><\/td>\n<td style=\"width: 49.8106%; height: 24px;\">Feier zur Entlassung der Abschlusssch\u00fcler<\/td>\n<td style=\"text-align: left; width: 10.3972%; height: 24px;\">26.07.2024<\/td>\n<td style=\"width: 84.0662%; height: 24px;\">Erfolgreicher Abschlussjahrgang in Seubersdorf<\/td>\n<\/tr>\n<tr style=\"height: 24px;\">\n<td style=\"width: 0.757576%; height: 24px;\"><\/td>\n<td style=\"width: 49.8106%; height: 24px;\"><a href=\"https:\/\/www.vs-seubersdorf.de\/schulpage\/wp-content\/uploads\/2024\/11\/Spende-Basar_07.10.2024.pdf\" target=\"_blank\" rel=\"noopener\">Spende vom Kinderbasarteam<\/a><\/td>\n<td style=\"text-align: left; width: 10.3972%; height: 24px;\">07.10.2024<\/td>\n<td style=\"width: 84.0662%; height: 24px;\">Gro\u00dfz\u00fcgige Spende f\u00fcr die Grund- und Mittelschule<\/td>\n<\/tr>\n<tr style=\"height: 48px;\">\n<td style=\"width: 0.757576%; height: 48px;\"><\/td>\n<td style=\"width: 49.8106%; height: 48px;\"><a href=\"https:\/\/www.vs-seubersdorf.de\/schulpage\/wp-content\/uploads\/2024\/11\/Spende-Sparkasse_25.10.2024.pdf\" target=\"_blank\" rel=\"noopener\">Spende der Sparkasse<\/a><\/td>\n<td style=\"text-align: left; width: 10.3972%; height: 48px;\">25.10.2024<\/td>\n<td style=\"width: 84.0662%; height: 48px;\">Schulen erhalten insgesamt 7500 Euro von der Sparkasse<\/td>\n<\/tr>\n<tr style=\"height: 24px;\">\n<td style=\"width: 0.757576%; height: 24px;\"><\/td>\n<td style=\"width: 49.8106%; height: 24px;\"><a href=\"https:\/\/www.vs-seubersdorf.de\/schulpage\/wp-content\/uploads\/2025\/02\/Foerderverein_Neuwahlen_17.0.2025.pdf\" target=\"_blank\" rel=\"noopener\">Neue Vorstandschaft<\/a><\/td>\n<td style=\"text-align: left; width: 10.3972%; height: 24px;\">17.02.2025<\/td>\n<td style=\"width: 84.0662%; height: 24px;\">F\u00f6rderverein entgeht Aufl\u00f6sung<\/td>\n<\/tr>\n<tr style=\"height: 24px;\">\n<td style=\"width: 0.757576%; height: 24px;\"><\/td>\n<td style=\"width: 49.8106%; height: 24px;\"><a href=\"https:\/\/www.vs-seubersdorf.de\/schulpage\/wp-content\/uploads\/2025\/03\/Tischtennisplatte-gespendet_04.03.2025.pdf\" target=\"_blank\" rel=\"noopener\">SV Eintracht spendet Tischtennisplatte f\u00fcr die Aula<\/a><\/td>\n<td style=\"text-align: left; width: 10.3972%; height: 24px;\">04.03.2025<\/td>\n<td style=\"width: 84.0662%; height: 24px;\">Tischtennisplatte gespendet<\/td>\n<\/tr>\n<tr style=\"height: 24px;\">\n<td style=\"width: 0.757576%; height: 24px;\"><\/td>\n<td style=\"width: 49.8106%; height: 24px;\"><a href=\"https:\/\/www.vs-seubersdorf.de\/schulpage\/wp-content\/uploads\/2025\/07\/Blaesaerklassen-wirken-ueber-die-Schule-hinaus_25.07.2025.pdf\">Ehrung mit Juniorabzeichen<\/a><\/td>\n<td style=\"text-align: left; width: 10.3972%; height: 24px;\">22.07.2025<\/td>\n<td style=\"width: 84.0662%; height: 24px;\">Bl\u00e4serklassen wirken \u00fcber die Schule hinaus<\/td>\n<\/tr>\n<tr style=\"height: 24px;\">\n<td style=\"width: 0.757576%; height: 24px;\"><\/td>\n<td style=\"width: 49.8106%; height: 24px;\"><a href=\"https:\/\/www.vs-seubersdorf.de\/schulpage\/wp-content\/uploads\/2025\/07\/Kinder-spenden-fuer-KInder-in-Kenia_22.07.2025.pdf\">Kinder spenden f\u00fcr KInder in Kenia<\/a><\/td>\n<td style=\"text-align: left; width: 10.3972%; height: 24px;\">22.07.2025<\/td>\n<td style=\"width: 84.0662%; height: 24px;\">Spenden\u00fcbergabe<\/td>\n<\/tr>\n<tr style=\"height: 24px;\">\n<td style=\"width: 0.757576%; height: 24px;\"><\/td>\n<td style=\"width: 49.8106%; height: 24px;\"><a href=\"https:\/\/www.vs-seubersdorf.de\/schulpage\/wp-content\/uploads\/2025\/07\/Entlassfeier_27.07.2025.pdf\" target=\"_blank\" rel=\"noopener\">Stimmungsvolle Entlassfeier<\/a><\/td>\n<td style=\"text-align: left; width: 10.3972%; height: 24px;\">27.07.2025<\/td>\n<td style=\"width: 84.0662%; height: 24px;\">Mittelschule entl\u00e4sst Neuntkl\u00e4ssler<\/td>\n<\/tr>\n<tr style=\"height: 24px;\">\n<td style=\"width: 0.757576%; height: 24px;\"><\/td>\n<td style=\"width: 49.8106%; height: 24px;\"><a href=\"https:\/\/www.vs-seubersdorf.de\/schulpage\/wp-content\/uploads\/2025\/11\/neumarkter-tagblatt-18-11-2025.pdf\" target=\"_blank\" rel=\"noopener\">MehrWert Demokratie<\/a><\/td>\n<td style=\"text-align: left; width: 10.3972%; height: 24px;\">18.11.2025<\/td>\n<td style=\"width: 84.0662%; height: 24px;\">Heimat lebt vom Engagement der Jugend<\/td>\n<\/tr>\n<\/tbody>\n<\/table>\n<p>&nbsp;<\/p>\n<p>&nbsp;<\/p>\n","protected":false},"excerpt":{"rendered":"<p>Unsere Schule im Pressespiegel Thema Datum Titel\/Beschreibung Silvesterlauf 04.01.2012 Sch\u00fcler bewiesen auf der Strecke langen Atem Ehrung der Silvesterl\u00e4ufer 16.01.2012&#46;&#46;&#46;<\/p>\n","protected":false},"author":9,"featured_media":0,"parent":0,"menu_order":0,"comment_status":"closed","ping_status":"closed","template":"","meta":{"footnotes":""},"_links":{"self":[{"href":"https:\/\/www.vs-seubersdorf.de\/schulpage\/index.php?rest_route=\/wp\/v2\/pages\/1589"}],"collection":[{"href":"https:\/\/www.vs-seubersdorf.de\/schulpage\/index.php?rest_route=\/wp\/v2\/pages"}],"about":[{"href":"https:\/\/www.vs-seubersdorf.de\/schulpage\/index.php?rest_route=\/wp\/v2\/types\/page"}],"author":[{"embeddable":true,"href":"https:\/\/www.vs-seubersdorf.de\/schulpage\/index.php?rest_route=\/wp\/v2\/users\/9"}],"replies":[{"embeddable":true,"href":"https:\/\/www.vs-seubersdorf.de\/schulpage\/index.php?rest_route=%2Fwp%2Fv2%2Fcomments&post=1589"}],"version-history":[{"count":0,"href":"https:\/\/www.vs-seubersdorf.de\/schulpage\/index.php?rest_route=\/wp\/v2\/pages\/1589\/revisions"}],"wp:attachment":[{"href":"https:\/\/www.vs-seubersdorf.de\/schulpage\/index.php?rest_route=%2Fwp%2Fv2%2Fmedia&parent=1589"}],"curies":[{"name":"wp","href":"https:\/\/api.w.org\/{rel}","templated":true}]}}